{"id":59,"date":"2021-01-11T10:46:31","date_gmt":"2021-01-11T10:46:31","guid":{"rendered":"https:\/\/www.almendrasdebardenas.com\/?post_type=product&#038;p=59"},"modified":"2022-11-30T10:22:11","modified_gmt":"2022-11-30T10:22:11","slug":"almendra-marcona","status":"publish","type":"product","link":"https:\/\/www.almendrasdebardenas.com\/fr\/produits\/almendra-marcona\/","title":{"rendered":"Amande Marcona","raw":"Amande Marcona"},"content":{"rendered":"<table cellpadding=\"7\" cellspacing=\"0\" class=\"table table-striped\">\n<tr>\n<td> <strong>ROBUSTESSE ARBRE<\/strong><\/td>\n<td> Moyenne<\/td>\n<\/tr>\n<tr>\n<td> <strong>COULEUR FLEUR<\/strong><\/td>\n<td> Ros\u00e9e<\/td>\n<\/tr>\n<tr>\n<td> <strong>FORME FRUIT<\/strong><\/td>\n<td> Arrondie et grande<\/td>\n<\/tr>\n<tr>\n<td> <strong>DURET\u00c9 COQUE<\/strong><\/td>\n<td> Dure<\/td>\n<\/tr>\n<tr>\n<td> <strong>RENDEMENT<\/strong><\/td>\n<td> 25\u201328%<\/td>\n<\/tr>\n<tr>\n<td> <strong>TAILLE GRAINE<\/strong><\/td>\n<td> 1,40 g<\/td>\n<\/tr>\n<tr>\n<td> <strong>CULTURE<\/strong><\/td>\n<td>Traditionnelle<\/td>\n<\/tr>\n<\/table>\n","protected":false,"raw":"<table cellpadding=\"7\" cellspacing=\"0\" class=\"table table-striped\">\r\n\r\n\t      <tr>\r\n\t        <td> <strong>ROBUSTESSE ARBRE<\/strong><\/td>\r\n\t        <td> Moyenne<\/td>\r\n          <\/tr>\r\n\t      <tr>\r\n\t        <td> <strong>COULEUR FLEUR<\/strong><\/td>\r\n\t        <td> Ros\u00e9e<\/td>\r\n          <\/tr>\r\n\t      <tr>\r\n\t        <td> <strong>FORME FRUIT<\/strong><\/td>\r\n\t        <td> Arrondie et grande<\/td>\r\n          <\/tr>\r\n\t      <tr>\r\n\t        <td> <strong>DURET\u00c9 COQUE<\/strong><\/td>\r\n\t        <td> Dure<\/td>\r\n          <\/tr>\r\n\t      <tr>\r\n\t        <td> <strong>RENDEMENT<\/strong><\/td>\r\n\t        <td> 25\u201328%<\/td>\r\n          <\/tr>\r\n\t      <tr>\r\n\t        <td> <strong>TAILLE GRAINE<\/strong><\/td>\r\n\t        <td> 1,40 g<\/td>\r\n          <\/tr>\r\n\t\t\t <tr>\r\n\t\t\t<td> <strong>CULTURE<\/strong><\/td>\r\n\t\t\t<td>Traditionnelle<\/td>\r\n\t\t  <\/tr>\r\n        <\/table>"},"excerpt":{"rendered":"<p>Cette vari\u00e9t\u00e9 d&#8217;amandes se caract\u00e9rise par sa qualit\u00e9 exceptionnelle, qui en fait une des plus appr\u00e9ci\u00e9es.<\/p>\n<p>Il s&#8217;agit d&#8217;une amande tr\u00e8s juteuse au go\u00fbt intense du fait de sa teneur \u00e9lev\u00e9e en huile et de sa texture douce. Id\u00e9al pour la manger crue ou grill\u00e9e au four.<\/p>\n<p>Forme arrondie, \u00e9paisse et l\u00e9g\u00e8rement rugueuse. Tr\u00e8s appr\u00e9ci\u00e9e pour son go\u00fbt doux, id\u00e9al pour la p\u00e2tisserie, les nougats et les ap\u00e9ritifs gourmet.<\/p>\n<ul class=\"at\">\n<li class=\"icon-cascara\"> Avec coque <\/li>\n<li class=\"icon-caja\"> 4 kg<\/li>\n<\/ul>\n","protected":false,"raw":"Cette vari\u00e9t\u00e9 d'amandes se caract\u00e9rise par sa qualit\u00e9 exceptionnelle, qui en fait une des plus appr\u00e9ci\u00e9es.\r\n\r\nIl s'agit d'une amande tr\u00e8s juteuse au go\u00fbt intense du fait de sa teneur \u00e9lev\u00e9e en huile et de sa texture douce. Id\u00e9al pour la manger crue ou grill\u00e9e au four.\r\n\r\nForme arrondie, \u00e9paisse et l\u00e9g\u00e8rement rugueuse. Tr\u00e8s appr\u00e9ci\u00e9e pour son go\u00fbt doux, id\u00e9al pour la p\u00e2tisserie, les nougats et les ap\u00e9ritifs gourmet.\r\n<ul class=\"at\">\r\n<li class=\"icon-cascara\"> Avec coque <\/li>\r\n<li class=\"icon-caja\"> 4 kg<\/li>\r\n<\/ul>"},"featured_media":357,"template":"","meta":{"_es_post_content":"<table class=\"table table-striped\" cellspacing=\"0\" cellpadding=\"7\">\r\n<tbody>\r\n<tr>\r\n<td><strong>VIGOR \u00c1RBOL<\/strong><\/td>\r\n<td>Medio<\/td>\r\n<\/tr>\r\n<tr>\r\n<td><strong>COLOR FLOR<\/strong><\/td>\r\n<td>Rosado<\/td>\r\n<\/tr>\r\n<tr>\r\n<td><strong>FORMA FRUTO<\/strong><\/td>\r\n<td>Redondo y grande<\/td>\r\n<\/tr>\r\n<tr>\r\n<td><strong>DUREZA C\u00c1SCARA<\/strong><\/td>\r\n<td>Dura<\/td>\r\n<\/tr>\r\n<tr>\r\n<td><strong>RENDIMIENTO<\/strong><\/td>\r\n<td>25\u201328%<\/td>\r\n<\/tr>\r\n<tr>\r\n<td><strong>TAMA\u00d1O PIPA<\/strong><\/td>\r\n<td>1,40 g<\/td>\r\n<\/tr>\r\n<tr>\r\n<td><strong>CULTIVO<\/strong><\/td>\r\n<td>Tradicional<\/td>\r\n<\/tr>\r\n<\/tbody>\r\n<\/table>","_es_post_name":"comprar-almendra-marcona","_es_post_excerpt":"Esta variedad de almendras se distingue por su calidad excepcional, que le hace figurar entre las m\u00e1s demandadas.\r\n\r\nDebido a su contenido mayor en aceite y a su textura suave, tiene un sabor intenso, es muy jugosa. Ideal para tomar cruda o tostada al horno.\r\n\r\nForma redondeada, gruesa y ligeramente rugosa. Muy apreciada por su sabor dulce, ideal para reposter\u00eda, turrones y aperitivos gourmet.\r\n<ul class=\"at\">\r\n \t<li class=\"icon-cascara\">Con c\u00e1scara<\/li>\r\n \t<li class=\"icon-caja\">4 kg<\/li>\r\n<\/ul>","_es_post_title":"Almendra Marcona","_en_post_content":"<table cellpadding=\"7\" cellspacing=\"0\" class=\"table table-striped\">\r\n\r\n\t      <tr>\r\n\t        <td> <strong>TREE VIGOUR<\/strong><\/td>\r\n\t        <td> Medium<\/td>\r\n          <\/tr>\r\n\t      <tr>\r\n\t        <td> <strong>FLOWER COLOUR<\/strong><\/td>\r\n\t        <td> Pink<\/td>\r\n          <\/tr>\r\n\t      <tr>\r\n\t        <td> <strong>FRUIT SHAPE<\/strong><\/td>\r\n\t        <td> Round and large<\/td>\r\n          <\/tr>\r\n\t      <tr>\r\n\t        <td> <strong>SHELL HARDNESS<\/strong><\/td>\r\n\t        <td> Hard<\/td>\r\n          <\/tr>\r\n\t      <tr>\r\n\t        <td> <strong>YIELD<\/strong><\/td>\r\n\t        <td> 25\u201328%<\/td>\r\n          <\/tr>\r\n\t      <tr>\r\n\t        <td> <strong>SEED SIZE<\/strong><\/td>\r\n\t        <td> 1,40 g<\/td>\r\n          <\/tr>\r\n\t\t\t <tr>\r\n\t\t\t<td> <strong>CULTIVATION<\/strong><\/td>\r\n\t\t\t<td>Traditional<\/td>\r\n\t\t  <\/tr>\r\n        <\/table>","_en_post_name":"almendra-marcona","_en_post_excerpt":"This almond variety is noted for its exceptional quality, making it one of the most in demand.\r\n\r\nDue to its high oil content and smooth texture, it has an intense flavour and is extremely juicy. Ideal for eating raw or oven roasted.\r\n\r\nRound in shape, thick and with a slightly wrinkled surface. Highly appreciated for its sweet flavour, ideal for confectionery, nougats and gourmet appetisers.\r\n\r\n<li class=\"icon-cascara\">With shell <\/li>\r\n<li class=\"icon-caja\"> 4 kg<\/li>\r\n\r\n<\/ul>","_en_post_title":"Marcona Almond","_fr_post_content":"<table cellpadding=\"7\" cellspacing=\"0\" class=\"table table-striped\">\r\n\r\n\t      <tr>\r\n\t        <td> <strong>ROBUSTESSE ARBRE<\/strong><\/td>\r\n\t        <td> Moyenne<\/td>\r\n          <\/tr>\r\n\t      <tr>\r\n\t        <td> <strong>COULEUR FLEUR<\/strong><\/td>\r\n\t        <td> Ros\u00e9e<\/td>\r\n          <\/tr>\r\n\t      <tr>\r\n\t        <td> <strong>FORME FRUIT<\/strong><\/td>\r\n\t        <td> Arrondie et grande<\/td>\r\n          <\/tr>\r\n\t      <tr>\r\n\t        <td> <strong>DURET\u00c9 COQUE<\/strong><\/td>\r\n\t        <td> Dure<\/td>\r\n          <\/tr>\r\n\t      <tr>\r\n\t        <td> <strong>RENDEMENT<\/strong><\/td>\r\n\t        <td> 25\u201328%<\/td>\r\n          <\/tr>\r\n\t      <tr>\r\n\t        <td> <strong>TAILLE GRAINE<\/strong><\/td>\r\n\t        <td> 1,40 g<\/td>\r\n          <\/tr>\r\n\t\t\t <tr>\r\n\t\t\t<td> <strong>CULTURE<\/strong><\/td>\r\n\t\t\t<td>Traditionnelle<\/td>\r\n\t\t  <\/tr>\r\n        <\/table>","_fr_post_name":"almendra-marcona","_fr_post_excerpt":"Cette vari\u00e9t\u00e9 d'amandes se caract\u00e9rise par sa qualit\u00e9 exceptionnelle, qui en fait une des plus appr\u00e9ci\u00e9es.\r\n\r\nIl s'agit d'une amande tr\u00e8s juteuse au go\u00fbt intense du fait de sa teneur \u00e9lev\u00e9e en huile et de sa texture douce. Id\u00e9al pour la manger crue ou grill\u00e9e au four.\r\n\r\nForme arrondie, \u00e9paisse et l\u00e9g\u00e8rement rugueuse. Tr\u00e8s appr\u00e9ci\u00e9e pour son go\u00fbt doux, id\u00e9al pour la p\u00e2tisserie, les nougats et les ap\u00e9ritifs gourmet.\r\n<ul class=\"at\">\r\n<li class=\"icon-cascara\"> Avec coque <\/li>\r\n<li class=\"icon-caja\"> 4 kg<\/li>\r\n<\/ul>","_fr_post_title":"Amande Marcona","edit_language":"fr"},"product_brand":[],"product_cat":[37],"product_tag":[],"class_list":{"0":"post-59","1":"product","2":"type-product","3":"status-publish","4":"has-post-thumbnail","6":"product_cat-almendras","8":"first","9":"outofstock","10":"taxable","11":"shipping-taxable","12":"purchasable","13":"product-type-simple"},"yoast_head":"<!-- This site is optimized with the Yoast SEO plugin v27.4 - https:\/\/yoast.com\/product\/yoast-seo-wordpress\/ -->\n<title>Comprar almendra Marcona con c\u00e1scara, costes de env\u00edo gratuitos<\/title>\n<meta name=\"description\" content=\"\u00bfInteresado en comprar almendras con c\u00e1scara? te la enviamos a tu casa gratis, las mejores variedades. como la almendra Marcona.\" \/>\n<meta name=\"robots\" content=\"index, follow, max-snippet:-1, max-image-preview:large, max-video-preview:-1\" \/>\n<link rel=\"canonical\" href=\"https:\/\/www.almendrasdebardenas.com\/productos\/comprar-almendra-marcona\/\" \/>\n<meta property=\"og:locale\" content=\"fr_FR\" \/>\n<meta property=\"og:type\" content=\"article\" \/>\n<meta property=\"og:title\" content=\"Comprar almendra Marcona con c\u00e1scara, costes de env\u00edo gratuitos\" \/>\n<meta property=\"og:description\" content=\"\u00bfInteresado en comprar almendras con c\u00e1scara? te la enviamos a tu casa gratis, las mejores variedades. como la almendra Marcona.\" \/>\n<meta property=\"og:url\" content=\"https:\/\/www.almendrasdebardenas.com\/productos\/comprar-almendra-marcona\/\" \/>\n<meta property=\"og:site_name\" content=\"Almendras Leoz\" \/>\n<meta property=\"article:modified_time\" content=\"2022-11-30T10:22:11+00:00\" \/>\n<meta property=\"og:image\" content=\"https:\/\/www.almendrasdebardenas.com\/wp-content\/uploads\/almendra-marcona-con-cascara.jpg\" \/>\n\t<meta property=\"og:image:width\" content=\"1200\" \/>\n\t<meta property=\"og:image:height\" content=\"900\" \/>\n\t<meta property=\"og:image:type\" content=\"image\/jpeg\" \/>\n<meta name=\"twitter:card\" content=\"summary_large_image\" \/>\n<meta name=\"twitter:site\" content=\"@irenenonay\" \/>\n<script type=\"application\/ld+json\" class=\"yoast-schema-graph\">{\"@context\":\"https:\\\/\\\/schema.org\",\"@graph\":[{\"@type\":\"WebPage\",\"@id\":\"https:\\\/\\\/www.almendrasdebardenas.com\\\/productos\\\/comprar-almendra-marcona\\\/\",\"url\":\"https:\\\/\\\/www.almendrasdebardenas.com\\\/productos\\\/comprar-almendra-marcona\\\/\",\"name\":\"Comprar almendra Marcona con c\u00e1scara, costes de env\u00edo gratuitos\",\"isPartOf\":{\"@id\":\"https:\\\/\\\/www.almendrasdebardenas.com\\\/#website\"},\"primaryImageOfPage\":{\"@id\":\"https:\\\/\\\/www.almendrasdebardenas.com\\\/productos\\\/comprar-almendra-marcona\\\/#primaryimage\"},\"image\":{\"@id\":\"https:\\\/\\\/www.almendrasdebardenas.com\\\/productos\\\/comprar-almendra-marcona\\\/#primaryimage\"},\"thumbnailUrl\":\"https:\\\/\\\/www.almendrasdebardenas.com\\\/wp-content\\\/uploads\\\/almendra-marcona-con-cascara.jpg\",\"datePublished\":\"2021-01-11T10:46:31+00:00\",\"dateModified\":\"2022-11-30T10:22:11+00:00\",\"description\":\"\u00bfInteresado en comprar almendras con c\u00e1scara? te la enviamos a tu casa gratis, las mejores variedades. como la almendra Marcona.\",\"breadcrumb\":{\"@id\":\"https:\\\/\\\/www.almendrasdebardenas.com\\\/productos\\\/comprar-almendra-marcona\\\/#breadcrumb\"},\"inLanguage\":\"fr-FR\",\"potentialAction\":[{\"@type\":\"ReadAction\",\"target\":[\"https:\\\/\\\/www.almendrasdebardenas.com\\\/productos\\\/comprar-almendra-marcona\\\/\"]}]},{\"@type\":\"ImageObject\",\"inLanguage\":\"fr-FR\",\"@id\":\"https:\\\/\\\/www.almendrasdebardenas.com\\\/productos\\\/comprar-almendra-marcona\\\/#primaryimage\",\"url\":\"https:\\\/\\\/www.almendrasdebardenas.com\\\/wp-content\\\/uploads\\\/almendra-marcona-con-cascara.jpg\",\"contentUrl\":\"https:\\\/\\\/www.almendrasdebardenas.com\\\/wp-content\\\/uploads\\\/almendra-marcona-con-cascara.jpg\",\"width\":1200,\"height\":900,\"caption\":\"Venta de almendra marcona con c\u00e1scara\"},{\"@type\":\"BreadcrumbList\",\"@id\":\"https:\\\/\\\/www.almendrasdebardenas.com\\\/productos\\\/comprar-almendra-marcona\\\/#breadcrumb\",\"itemListElement\":[{\"@type\":\"ListItem\",\"position\":1,\"name\":\"Portada\",\"item\":\"https:\\\/\\\/www.almendrasdebardenas.com\\\/\"},{\"@type\":\"ListItem\",\"position\":2,\"name\":\"Almendras de Navarra\",\"item\":\"https:\\\/\\\/www.almendrasdebardenas.com\\\/en\\\/almendras\\\/\"},{\"@type\":\"ListItem\",\"position\":3,\"name\":\"Almendra Marcona\"}]},{\"@type\":\"WebSite\",\"@id\":\"https:\\\/\\\/www.almendrasdebardenas.com\\\/#website\",\"url\":\"https:\\\/\\\/www.almendrasdebardenas.com\\\/\",\"name\":\"Almendras Leoz\",\"description\":\"Almendras de Bardenas\",\"publisher\":{\"@id\":\"https:\\\/\\\/www.almendrasdebardenas.com\\\/#organization\"},\"potentialAction\":[{\"@type\":\"SearchAction\",\"target\":{\"@type\":\"EntryPoint\",\"urlTemplate\":\"https:\\\/\\\/www.almendrasdebardenas.com\\\/?s={search_term_string}\"},\"query-input\":{\"@type\":\"PropertyValueSpecification\",\"valueRequired\":true,\"valueName\":\"search_term_string\"}}],\"inLanguage\":\"fr-FR\"},{\"@type\":\"Organization\",\"@id\":\"https:\\\/\\\/www.almendrasdebardenas.com\\\/#organization\",\"name\":\"Almendras Leoz\",\"url\":\"https:\\\/\\\/www.almendrasdebardenas.com\\\/\",\"logo\":{\"@type\":\"ImageObject\",\"inLanguage\":\"fr-FR\",\"@id\":\"https:\\\/\\\/www.almendrasdebardenas.com\\\/#\\\/schema\\\/logo\\\/image\\\/\",\"url\":\"https:\\\/\\\/www.almendrasdebardenas.com\\\/wp-content\\\/uploads\\\/leoz-almendras-de-bardenas.png\",\"contentUrl\":\"https:\\\/\\\/www.almendrasdebardenas.com\\\/wp-content\\\/uploads\\\/leoz-almendras-de-bardenas.png\",\"width\":300,\"height\":90,\"caption\":\"Almendras Leoz\"},\"image\":{\"@id\":\"https:\\\/\\\/www.almendrasdebardenas.com\\\/#\\\/schema\\\/logo\\\/image\\\/\"},\"sameAs\":[\"https:\\\/\\\/x.com\\\/irenenonay\",\"https:\\\/\\\/www.instagram.com\\\/irenenonay\\\/\"]}]}<\/script>\n<!-- \/ Yoast SEO plugin. -->","yoast_head_json":{"title":"Comprar almendra Marcona con c\u00e1scara, costes de env\u00edo gratuitos","description":"\u00bfInteresado en comprar almendras con c\u00e1scara? te la enviamos a tu casa gratis, las mejores variedades. como la almendra Marcona.","robots":{"index":"index","follow":"follow","max-snippet":"max-snippet:-1","max-image-preview":"max-image-preview:large","max-video-preview":"max-video-preview:-1"},"canonical":"https:\/\/www.almendrasdebardenas.com\/productos\/comprar-almendra-marcona\/","og_locale":"fr_FR","og_type":"article","og_title":"Comprar almendra Marcona con c\u00e1scara, costes de env\u00edo gratuitos","og_description":"\u00bfInteresado en comprar almendras con c\u00e1scara? te la enviamos a tu casa gratis, las mejores variedades. como la almendra Marcona.","og_url":"https:\/\/www.almendrasdebardenas.com\/productos\/comprar-almendra-marcona\/","og_site_name":"Almendras Leoz","article_modified_time":"2022-11-30T10:22:11+00:00","og_image":[{"width":1200,"height":900,"url":"https:\/\/www.almendrasdebardenas.com\/wp-content\/uploads\/almendra-marcona-con-cascara.jpg","type":"image\/jpeg"}],"twitter_card":"summary_large_image","twitter_site":"@irenenonay","schema":{"@context":"https:\/\/schema.org","@graph":[{"@type":"WebPage","@id":"https:\/\/www.almendrasdebardenas.com\/productos\/comprar-almendra-marcona\/","url":"https:\/\/www.almendrasdebardenas.com\/productos\/comprar-almendra-marcona\/","name":"Comprar almendra Marcona con c\u00e1scara, costes de env\u00edo gratuitos","isPartOf":{"@id":"https:\/\/www.almendrasdebardenas.com\/#website"},"primaryImageOfPage":{"@id":"https:\/\/www.almendrasdebardenas.com\/productos\/comprar-almendra-marcona\/#primaryimage"},"image":{"@id":"https:\/\/www.almendrasdebardenas.com\/productos\/comprar-almendra-marcona\/#primaryimage"},"thumbnailUrl":"https:\/\/www.almendrasdebardenas.com\/wp-content\/uploads\/almendra-marcona-con-cascara.jpg","datePublished":"2021-01-11T10:46:31+00:00","dateModified":"2022-11-30T10:22:11+00:00","description":"\u00bfInteresado en comprar almendras con c\u00e1scara? te la enviamos a tu casa gratis, las mejores variedades. como la almendra Marcona.","breadcrumb":{"@id":"https:\/\/www.almendrasdebardenas.com\/productos\/comprar-almendra-marcona\/#breadcrumb"},"inLanguage":"fr-FR","potentialAction":[{"@type":"ReadAction","target":["https:\/\/www.almendrasdebardenas.com\/productos\/comprar-almendra-marcona\/"]}]},{"@type":"ImageObject","inLanguage":"fr-FR","@id":"https:\/\/www.almendrasdebardenas.com\/productos\/comprar-almendra-marcona\/#primaryimage","url":"https:\/\/www.almendrasdebardenas.com\/wp-content\/uploads\/almendra-marcona-con-cascara.jpg","contentUrl":"https:\/\/www.almendrasdebardenas.com\/wp-content\/uploads\/almendra-marcona-con-cascara.jpg","width":1200,"height":900,"caption":"Venta de almendra marcona con c\u00e1scara"},{"@type":"BreadcrumbList","@id":"https:\/\/www.almendrasdebardenas.com\/productos\/comprar-almendra-marcona\/#breadcrumb","itemListElement":[{"@type":"ListItem","position":1,"name":"Portada","item":"https:\/\/www.almendrasdebardenas.com\/"},{"@type":"ListItem","position":2,"name":"Almendras de Navarra","item":"https:\/\/www.almendrasdebardenas.com\/en\/almendras\/"},{"@type":"ListItem","position":3,"name":"Almendra Marcona"}]},{"@type":"WebSite","@id":"https:\/\/www.almendrasdebardenas.com\/#website","url":"https:\/\/www.almendrasdebardenas.com\/","name":"Almendras Leoz","description":"Almendras de Bardenas","publisher":{"@id":"https:\/\/www.almendrasdebardenas.com\/#organization"},"potentialAction":[{"@type":"SearchAction","target":{"@type":"EntryPoint","urlTemplate":"https:\/\/www.almendrasdebardenas.com\/?s={search_term_string}"},"query-input":{"@type":"PropertyValueSpecification","valueRequired":true,"valueName":"search_term_string"}}],"inLanguage":"fr-FR"},{"@type":"Organization","@id":"https:\/\/www.almendrasdebardenas.com\/#organization","name":"Almendras Leoz","url":"https:\/\/www.almendrasdebardenas.com\/","logo":{"@type":"ImageObject","inLanguage":"fr-FR","@id":"https:\/\/www.almendrasdebardenas.com\/#\/schema\/logo\/image\/","url":"https:\/\/www.almendrasdebardenas.com\/wp-content\/uploads\/leoz-almendras-de-bardenas.png","contentUrl":"https:\/\/www.almendrasdebardenas.com\/wp-content\/uploads\/leoz-almendras-de-bardenas.png","width":300,"height":90,"caption":"Almendras Leoz"},"image":{"@id":"https:\/\/www.almendrasdebardenas.com\/#\/schema\/logo\/image\/"},"sameAs":["https:\/\/x.com\/irenenonay","https:\/\/www.instagram.com\/irenenonay\/"]}]}},"_links":{"self":[{"href":"https:\/\/www.almendrasdebardenas.com\/fr\/wp-json\/wp\/v2\/product\/59","targetHints":{"allow":["GET"]}}],"collection":[{"href":"https:\/\/www.almendrasdebardenas.com\/fr\/wp-json\/wp\/v2\/product"}],"about":[{"href":"https:\/\/www.almendrasdebardenas.com\/fr\/wp-json\/wp\/v2\/types\/product"}],"wp:featuredmedia":[{"embeddable":true,"href":"https:\/\/www.almendrasdebardenas.com\/fr\/wp-json\/wp\/v2\/media\/357"}],"wp:attachment":[{"href":"https:\/\/www.almendrasdebardenas.com\/fr\/wp-json\/wp\/v2\/media?parent=59"}],"wp:term":[{"taxonomy":"product_brand","embeddable":true,"href":"https:\/\/www.almendrasdebardenas.com\/fr\/wp-json\/wp\/v2\/product_brand?post=59"},{"taxonomy":"product_cat","embeddable":true,"href":"https:\/\/www.almendrasdebardenas.com\/fr\/wp-json\/wp\/v2\/product_cat?post=59"},{"taxonomy":"product_tag","embeddable":true,"href":"https:\/\/www.almendrasdebardenas.com\/fr\/wp-json\/wp\/v2\/product_tag?post=59"}],"curies":[{"name":"wp","href":"https:\/\/api.w.org\/{rel}","templated":true}]}}