{"id":24,"date":"2021-01-05T12:24:00","date_gmt":"2021-01-05T12:24:00","guid":{"rendered":"https:\/\/www.almendrasdebardenas.com\/?page_id=24"},"modified":"2021-11-15T10:10:25","modified_gmt":"2021-11-15T10:10:25","slug":"","status":"publish","type":"page","link":"https:\/\/www.almendrasdebardenas.com\/fr\/aviso-legal\/","title":{"rendered":"","raw":""},"content":{"rendered":"","protected":false,"raw":""},"excerpt":{"rendered":"","protected":false,"raw":""},"author":1,"featured_media":0,"parent":0,"menu_order":16,"comment_status":"closed","ping_status":"closed","template":"","meta":{"_es_post_content":"<div class=\"rgpd\">\r\n\r\nPor favor, lea todos los apartados del presente aviso legal y nuestra pol\u00edtica de privacidad antes de utilizar este website. Las siguientes condiciones son vinculantes para cualquier usuario del mismo.\r\n\r\nEn cumplimiento con el deber de informaci\u00f3n dispuesto en la Ley 34\/2002 de Servicios de la Sociedad de la Informaci\u00f3n y el Comercio Electr\u00f3nico (LSSI-CE) de 11 de julio, se facilitan a continuaci\u00f3n los siguientes datos de informaci\u00f3n general de este sitio web. La raz\u00f3n de este texto es explicarte de manera detallada las funcionalidades de esta web y aportarte toda la informaci\u00f3n relacionada con el responsable y la finalidad de los contenidos incluidos en ella.\r\n<h3>CONTENIDOS<\/h3>\r\n<ol>\r\n \t<li><a href=\"#n1\">Datos identificativos y usuarios<\/a><\/li>\r\n \t<li><a href=\"#n2\">Uso del sitio web, servicios y contenidos<\/a><\/li>\r\n \t<li><a href=\"#n3\">Propiedad intelectual e industrial<\/a><\/li>\r\n \t<li><a href=\"#n4\">Enlaces<\/a><\/li>\r\n \t<li><a href=\"#n5\">Modificaci\u00f3n de este aviso legal<\/a><\/li>\r\n \t<li><a href=\"#n6\">Exclusi\u00f3n de garant\u00edas y responsabilidad<\/a><\/li>\r\n \t<li><a href=\"#n7\">Tratamiento de datos personales<\/a><\/li>\r\n \t<li><a href=\"#n8\">Legislaci\u00f3n aplicable y jurisdicci\u00f3n<\/a><\/li>\r\n<\/ol>\r\n<div id=\"n1\">\r\n<h3>1. Datos identificativos y usuarios<\/h3>\r\nEl presente aviso legal y pol\u00edtica de privacidad regula el uso del servicio del PORTAL de Internet<strong> WEB<\/strong> inform\u00e1ndole en cumplimiento de la Ley 34\/2002, de 11 de julio, de servicios de la sociedad de la informaci\u00f3n y de comercio electr\u00f3nico, lo siguientes:\r\n<ul>\r\n \t<li>Dominio del sitio:\r\n<strong>almendrasdebardenas.com<\/strong><\/li>\r\n \t<li>Denominaci\u00f3n social del Responsable:\r\n<strong>Almendras Leoz<\/strong> <\/li>\r\n \t<li>Finalidad:\r\n<strong>Almendras Leoz<\/strong> pretende a trav\u00e9s de su web dar a conocer su actividad y servicios, ofrecer la posibilidad de ponerse en contacto o solicitar m\u00e1s informaci\u00f3n acerca de nuestros servicios.<\/li>\r\n<\/ul>\r\nPodr\u00e1 contactar con nosotros mediante los tel\u00e9fonos o direcciones de correo electr\u00f3nico de distintas \u00e1reas se\u00f1aladas en el apartado \u201ccontacto\u201d o especificadas en cada apartado de nuestra web.\r\n\r\nEl presente documento tiene por objeto establecer los t\u00e9rminos y condiciones generales de uso de este sitio web. Los t\u00e9rminos y condiciones generales son de obligada aceptaci\u00f3n y cumplimiento por parte de todos las personas, profesionales y empresas (en adelante el <strong>USUARIO<\/strong>), que deseen hacer uso de los mismos.\r\n\r\n<\/div>\r\n<div id=\"n2\">\r\n<h3>2. Uso del sitio web, servicios y contenidos<\/h3>\r\nEl usuario se compromete a utilizar el portal, el contenido y servicios, sin contravenir la legislaci\u00f3n vigente, los usos generalmente aceptados y el orden p\u00fablico. Queda prohibido, el uso de esta web con fines il\u00edcitos o lesivos contra <strong>Almendras Leoz<\/strong> o un tercero, que, de cualquier forma, puedan causar perjuicio o impedir el normal uso del PORTAL.\r\n\r\n<strong>Almendras Leoz<\/strong> garantiza que los contenidos y servicios que ofrece el portal respetan el principio de dignidad de la persona, de protecci\u00f3n de la juventud y la infancia, de no-discriminaci\u00f3n por motivos de raza, sexo, religi\u00f3n, opini\u00f3n, nacionalidad, discapacidad o cualquier otro aspecto personal y social.\r\n\r\nLas presentes Condiciones Generales de Uso del PORTAL no confieren al USUARIO ning\u00fan otro derecho de uso, alteraci\u00f3n, explotaci\u00f3n, reproducci\u00f3n, distribuci\u00f3n o comunicaci\u00f3n p\u00fablica del Portal y\/o de sus Contenidos distintos de los aqu\u00ed expresamente previstos. Los contenidos (informaci\u00f3n, archivos de sonido y\/o imagen, fotograf\u00edas, dise\u00f1os, etc.) recogidos en el portal, son propiedad de <strong>Almendras Leoz<\/strong> o se encuentra debidamente autorizada para su difusi\u00f3n por sus leg\u00edtimos titulares. <strong>Almendras Leoz<\/strong> se compromete a no realizar publicidad enga\u00f1osa y por tanto, queda prohibido:\r\n<ul>\r\n \t<li>El uso para todo tipo de fines comerciales o publicitarios, distintos de los estrictamente permitidos.<\/li>\r\n \t<li>Su reproducci\u00f3n, publicaci\u00f3n, distribuci\u00f3n o modificaci\u00f3n, total o parcial a menos que se cuente con la autorizaci\u00f3n previa y por escrito de sus leg\u00edtimos titulares o resulte legalmente permitido.<\/li>\r\n \t<li>Cualquier vulneraci\u00f3n de los derechos de <strong>Almendras Leoz<\/strong> o de sus leg\u00edtimos titulares sobre los mismos.<\/li>\r\n<\/ul>\r\n<\/div>\r\n<div id=\"n3\">\r\n<h3>3. Propiedad intelectual e industrial<\/h3>\r\nEn todo caso, el USUARIO reconoce y acepta que todos los derechos de propiedad industrial e intelectual sobre los Contenidos y\/o cualesquiera otros elementos insertados en el portal pertenecen a <strong>Almendras Leoz<\/strong> o se encuentra debidamente autorizada para su difusi\u00f3n en el presente PORTAL. En el caso de que un usuario o un tercero consideren que se ha producido una violaci\u00f3n de sus leg\u00edtimos derechos de propiedad intelectual por la introducci\u00f3n de un determinado contenido en el Web, deber\u00e1 notificar dicha circunstancia a <strong>Almendras Leoz<\/strong> indicado:\r\n<ul>\r\n \t<li>Datos personales del interesado titular de los derechos presuntamente infringidos, o indicar la representaci\u00f3n con la que act\u00faa en caso de que la reclamaci\u00f3n la presente un tercero distinto del interesado.<\/li>\r\n \t<li>Se\u00f1alar los contenidos protegidos por los derechos de propiedad intelectual y su ubicaci\u00f3n en el Web, la acreditaci\u00f3n de los derechos de propiedad intelectual se\u00f1alados y declaraci\u00f3n expresa en la que el interesado se responsabiliza de la veracidad de las informaciones facilitadas en la notificaci\u00f3n.<\/li>\r\n<\/ul>\r\n<\/div>\r\n<div id=\"n4\">\r\n\r\n<strong>4. Enlaces <\/strong>\r\n\r\nLas p\u00e1ginas de la web <strong>Almendras Leoz<\/strong>.com proporcionan enlaces a otros sitios web propios y contenidos que son propiedad de terceros. El \u00fanico objeto de los enlaces es proporcionar al usuario la posibilidad de acceder a dichos enlaces. <strong>Almendras Leoz<\/strong> no se responsabiliza en ning\u00fan caso de los resultados que puedan derivarse al usuario por acceso a dichos enlaces.\r\n\r\nEl usuario que se proponga establecer cualquier dispositivo t\u00e9cnico de enlace desde su sitio web al portal deber\u00e1 obtener la autorizaci\u00f3n previa y escrita de <strong>Almendras Leoz<\/strong>. El establecimiento del enlace no implica en ning\u00fan caso la existencia de relaciones entre \u201c<strong>almendrasleoz.com<\/strong>\u201d y el propietario del sitio en el que se establezca el enlace, ni la aceptaci\u00f3n o aprobaci\u00f3n por parte de <strong>Almendras Leoz<\/strong> de sus contenidos o servicios.\r\n\r\nLa p\u00e1gina web en la que se establezca el enlace no contendr\u00e1 ninguna marca, denominaci\u00f3n, logotipo, eslogan u otros signos distintivos pertenecientes a <strong>Almendras Leoz<\/strong>, salvo los expresamente autorizados.\r\n\r\n<\/div>\r\n<div id=\"n5\">\r\n<h3>5. Modificaci\u00f3n de este aviso legal<\/h3>\r\n<strong>Almendras Leoz<\/strong>, se reserva el derecho de modificar, en cualquier momento y sin necesidad de previo aviso, la presentaci\u00f3n y configuraci\u00f3n de la web \u201c<strong>almendrasleoz.com<\/strong>\u201d como el presente aviso legal.\r\n\r\n<\/div>\r\n<div id=\"n6\">\r\n<h3>6. Exclusi\u00f3n de garant\u00edas y responsabilidad<\/h3>\r\n<strong>Almendras Leoz<\/strong>\u00a0excluye, hasta donde permite el ordenamiento jur\u00eddico, cualquier responsabilidad por los da\u00f1os y perjuicios de toda naturaleza derivados de:\r\n\r\na) La imposibilidad de acceso al sitio web o la falta de veracidad, exactitud, exhaustividad y\/o actualidad de los contenidos, as\u00ed como la existencia de vicios y defectos\u00a0 de\u00a0 toda\u00a0 clase\u00a0 de\u00a0 los \u00a0contenidos\u00a0 transmitidos,\u00a0 difundidos,\u00a0 almacenados o puestos a disposici\u00f3n a los que se haya accedido a trav\u00e9s del sitio web o de los servicios que se ofrecen.\r\n\r\nb) La presencia de virus o de otros elementos en los contenidos que puedan producir alteraciones en los sistemas inform\u00e1ticos, documentos electr\u00f3nicos o datos de los usuarios.\r\n\r\nc) El incumplimiento de las leyes, la buena fe, el orden p\u00fablico, los usos del tr\u00e1fico y el presente aviso legal como consecuencia del uso incorrecto del sitio web. En particular, y a modo ejemplificativo,\u00a0<strong>Almendras Leoz<\/strong>\u00a0no se hace responsable de las actuaciones de terceros que vulneren derechos de propiedad intelectual e industrial, secretos empresariales, derechos al honor, a la intimidad personal y familiar y a la propia imagen, as\u00ed como la normativa en materia de competencia desleal y publicidad il\u00edcita.\r\n\r\nAsimismo,\u00a0<strong>Almendras Leoz<\/strong>\u00a0\u00a0declina cualquier responsabilidad respecto a la informaci\u00f3n que se halle fuera de esta web y no sea gestionada directamente por nuestro webmaster. La funci\u00f3n de los links que aparecen en esta web es exclusivamente la de informar al usuario sobre la existencia de otras fuentes susceptibles de ampliar los contenidos que ofrece este sitio web.\u00a0<strong>Almendras Leoz<\/strong>\u00a0\u00a0\u00a0no garantiza ni se responsabiliza del funcionamiento o accesibilidad de los sitios enlazados; ni sugiere, invita o recomienda la visita a los mismos, por lo que tampoco ser\u00e1 responsable del resultado obtenido.\u00a0<strong>Almendras Leoz<\/strong>\u00a0no se responsabiliza del establecimiento de hiperv\u00ednculos por parte de terceros.\r\n\r\n<\/div>\r\n<div id=\"n7\">\r\n<h3>7. Tratamiento de datos personales<\/h3>\r\n<strong>Almendras Leoz<\/strong>, tal y como recoge en su \u201cPOL\u00cdTICA DE PRIVACIDAD\u201d que puede consultar en nuestra web, ha adoptado los niveles de seguridad adecuados a los datos que trata y gestiona, incorporando todos los medios y medidas t\u00e9cnicas a su alcance para garantizar su confidencialidad, evitar su mal uso, p\u00e9rdida, alteraci\u00f3n, acceso no autorizado y robo.\r\n<h3>8. Legislaci\u00f3n aplicable y jurisdicci\u00f3n<\/h3>\r\nPara toda cuesti\u00f3n litigiosa que incumba al sitio web de\u00a0 <b>Almendras Leoz<\/b>, ser\u00e1 de aplicaci\u00f3n la legislaci\u00f3n espa\u00f1ola, siendo competentes los Juzgados y Tribunales de Pamplona (Navarra).\r\n\r\n<\/div>\r\n<\/div>","_es_post_name":"aviso-legal","_es_post_excerpt":"","_es_post_title":"Aviso legal","_en_post_content":"","_en_post_name":"aviso-legal","_en_post_excerpt":"","_en_post_title":"","_fr_post_content":"","_fr_post_name":"","_fr_post_excerpt":"","_fr_post_title":"","edit_language":"fr","footnotes":""},"class_list":["post-24","page","type-page","status-publish","hentry"],"yoast_head":"<!-- This site is optimized with the Yoast SEO plugin v27.4 - https:\/\/yoast.com\/product\/yoast-seo-wordpress\/ -->\n<title>Aviso legal<\/title>\n<meta name=\"robots\" content=\"index, follow, max-snippet:-1, max-image-preview:large, max-video-preview:-1\" \/>\n<link rel=\"canonical\" href=\"https:\/\/www.almendrasdebardenas.com\/fr\/aviso-legal\/\" \/>\n<meta property=\"og:locale\" content=\"fr_FR\" \/>\n<meta property=\"og:type\" content=\"article\" \/>\n<meta property=\"og:title\" content=\"Aviso legal\" \/>\n<meta property=\"og:description\" content=\"Por favor, lea todos los apartados del presente aviso legal y nuestra pol\u00edtica de privacidad antes de utilizar este website. Las siguientes condiciones son vinculantes para cualquier usuario del mismo. En cumplimiento con el deber de informaci\u00f3n dispuesto en la Ley 34\/2002 de Servicios de la Sociedad de la Informaci\u00f3n y el Comercio Electr\u00f3nico (LSSI-CE) [&hellip;]\" \/>\n<meta property=\"og:url\" content=\"https:\/\/www.almendrasdebardenas.com\/fr\/aviso-legal\/\" \/>\n<meta property=\"og:site_name\" content=\"Almendras Leoz\" \/>\n<meta property=\"article:modified_time\" content=\"2021-11-15T10:10:25+00:00\" \/>\n<meta name=\"twitter:card\" content=\"summary_large_image\" \/>\n<meta name=\"twitter:site\" content=\"@irenenonay\" \/>\n<meta name=\"twitter:label1\" content=\"Dur\u00e9e de lecture estim\u00e9e\" \/>\n\t<meta name=\"twitter:data1\" content=\"7 minutes\" \/>\n<script type=\"application\/ld+json\" class=\"yoast-schema-graph\">{\"@context\":\"https:\\\/\\\/schema.org\",\"@graph\":[{\"@type\":\"WebPage\",\"@id\":\"https:\\\/\\\/www.almendrasdebardenas.com\\\/fr\\\/aviso-legal\\\/\",\"url\":\"https:\\\/\\\/www.almendrasdebardenas.com\\\/fr\\\/aviso-legal\\\/\",\"name\":\"Aviso legal\",\"isPartOf\":{\"@id\":\"https:\\\/\\\/www.almendrasdebardenas.com\\\/#website\"},\"datePublished\":\"2021-01-05T12:24:00+00:00\",\"dateModified\":\"2021-11-15T10:10:25+00:00\",\"breadcrumb\":{\"@id\":\"https:\\\/\\\/www.almendrasdebardenas.com\\\/fr\\\/aviso-legal\\\/#breadcrumb\"},\"inLanguage\":\"fr-FR\",\"potentialAction\":[{\"@type\":\"ReadAction\",\"target\":[\"https:\\\/\\\/www.almendrasdebardenas.com\\\/fr\\\/aviso-legal\\\/\"]}]},{\"@type\":\"BreadcrumbList\",\"@id\":\"https:\\\/\\\/www.almendrasdebardenas.com\\\/fr\\\/aviso-legal\\\/#breadcrumb\",\"itemListElement\":[{\"@type\":\"ListItem\",\"position\":1,\"name\":\"Portada\",\"item\":\"https:\\\/\\\/www.almendrasdebardenas.com\\\/\"},{\"@type\":\"ListItem\",\"position\":2,\"name\":\"Aviso legal\"}]},{\"@type\":\"WebSite\",\"@id\":\"https:\\\/\\\/www.almendrasdebardenas.com\\\/#website\",\"url\":\"https:\\\/\\\/www.almendrasdebardenas.com\\\/\",\"name\":\"Almendras Leoz\",\"description\":\"Almendras de Bardenas\",\"publisher\":{\"@id\":\"https:\\\/\\\/www.almendrasdebardenas.com\\\/#organization\"},\"potentialAction\":[{\"@type\":\"SearchAction\",\"target\":{\"@type\":\"EntryPoint\",\"urlTemplate\":\"https:\\\/\\\/www.almendrasdebardenas.com\\\/?s={search_term_string}\"},\"query-input\":{\"@type\":\"PropertyValueSpecification\",\"valueRequired\":true,\"valueName\":\"search_term_string\"}}],\"inLanguage\":\"fr-FR\"},{\"@type\":\"Organization\",\"@id\":\"https:\\\/\\\/www.almendrasdebardenas.com\\\/#organization\",\"name\":\"Almendras Leoz\",\"url\":\"https:\\\/\\\/www.almendrasdebardenas.com\\\/\",\"logo\":{\"@type\":\"ImageObject\",\"inLanguage\":\"fr-FR\",\"@id\":\"https:\\\/\\\/www.almendrasdebardenas.com\\\/#\\\/schema\\\/logo\\\/image\\\/\",\"url\":\"https:\\\/\\\/www.almendrasdebardenas.com\\\/wp-content\\\/uploads\\\/leoz-almendras-de-bardenas.png\",\"contentUrl\":\"https:\\\/\\\/www.almendrasdebardenas.com\\\/wp-content\\\/uploads\\\/leoz-almendras-de-bardenas.png\",\"width\":300,\"height\":90,\"caption\":\"Almendras Leoz\"},\"image\":{\"@id\":\"https:\\\/\\\/www.almendrasdebardenas.com\\\/#\\\/schema\\\/logo\\\/image\\\/\"},\"sameAs\":[\"https:\\\/\\\/x.com\\\/irenenonay\",\"https:\\\/\\\/www.instagram.com\\\/irenenonay\\\/\"]}]}<\/script>\n<!-- \/ Yoast SEO plugin. -->","yoast_head_json":{"title":"Aviso legal","robots":{"index":"index","follow":"follow","max-snippet":"max-snippet:-1","max-image-preview":"max-image-preview:large","max-video-preview":"max-video-preview:-1"},"canonical":"https:\/\/www.almendrasdebardenas.com\/fr\/aviso-legal\/","og_locale":"fr_FR","og_type":"article","og_title":"Aviso legal","og_description":"Por favor, lea todos los apartados del presente aviso legal y nuestra pol\u00edtica de privacidad antes de utilizar este website. Las siguientes condiciones son vinculantes para cualquier usuario del mismo. En cumplimiento con el deber de informaci\u00f3n dispuesto en la Ley 34\/2002 de Servicios de la Sociedad de la Informaci\u00f3n y el Comercio Electr\u00f3nico (LSSI-CE) [&hellip;]","og_url":"https:\/\/www.almendrasdebardenas.com\/fr\/aviso-legal\/","og_site_name":"Almendras Leoz","article_modified_time":"2021-11-15T10:10:25+00:00","twitter_card":"summary_large_image","twitter_site":"@irenenonay","twitter_misc":{"Dur\u00e9e de lecture estim\u00e9e":"7 minutes"},"schema":{"@context":"https:\/\/schema.org","@graph":[{"@type":"WebPage","@id":"https:\/\/www.almendrasdebardenas.com\/fr\/aviso-legal\/","url":"https:\/\/www.almendrasdebardenas.com\/fr\/aviso-legal\/","name":"Aviso legal","isPartOf":{"@id":"https:\/\/www.almendrasdebardenas.com\/#website"},"datePublished":"2021-01-05T12:24:00+00:00","dateModified":"2021-11-15T10:10:25+00:00","breadcrumb":{"@id":"https:\/\/www.almendrasdebardenas.com\/fr\/aviso-legal\/#breadcrumb"},"inLanguage":"fr-FR","potentialAction":[{"@type":"ReadAction","target":["https:\/\/www.almendrasdebardenas.com\/fr\/aviso-legal\/"]}]},{"@type":"BreadcrumbList","@id":"https:\/\/www.almendrasdebardenas.com\/fr\/aviso-legal\/#breadcrumb","itemListElement":[{"@type":"ListItem","position":1,"name":"Portada","item":"https:\/\/www.almendrasdebardenas.com\/"},{"@type":"ListItem","position":2,"name":"Aviso legal"}]},{"@type":"WebSite","@id":"https:\/\/www.almendrasdebardenas.com\/#website","url":"https:\/\/www.almendrasdebardenas.com\/","name":"Almendras Leoz","description":"Almendras de Bardenas","publisher":{"@id":"https:\/\/www.almendrasdebardenas.com\/#organization"},"potentialAction":[{"@type":"SearchAction","target":{"@type":"EntryPoint","urlTemplate":"https:\/\/www.almendrasdebardenas.com\/?s={search_term_string}"},"query-input":{"@type":"PropertyValueSpecification","valueRequired":true,"valueName":"search_term_string"}}],"inLanguage":"fr-FR"},{"@type":"Organization","@id":"https:\/\/www.almendrasdebardenas.com\/#organization","name":"Almendras Leoz","url":"https:\/\/www.almendrasdebardenas.com\/","logo":{"@type":"ImageObject","inLanguage":"fr-FR","@id":"https:\/\/www.almendrasdebardenas.com\/#\/schema\/logo\/image\/","url":"https:\/\/www.almendrasdebardenas.com\/wp-content\/uploads\/leoz-almendras-de-bardenas.png","contentUrl":"https:\/\/www.almendrasdebardenas.com\/wp-content\/uploads\/leoz-almendras-de-bardenas.png","width":300,"height":90,"caption":"Almendras Leoz"},"image":{"@id":"https:\/\/www.almendrasdebardenas.com\/#\/schema\/logo\/image\/"},"sameAs":["https:\/\/x.com\/irenenonay","https:\/\/www.instagram.com\/irenenonay\/"]}]}},"_links":{"self":[{"href":"https:\/\/www.almendrasdebardenas.com\/fr\/wp-json\/wp\/v2\/pages\/24","targetHints":{"allow":["GET"]}}],"collection":[{"href":"https:\/\/www.almendrasdebardenas.com\/fr\/wp-json\/wp\/v2\/pages"}],"about":[{"href":"https:\/\/www.almendrasdebardenas.com\/fr\/wp-json\/wp\/v2\/types\/page"}],"author":[{"embeddable":true,"href":"https:\/\/www.almendrasdebardenas.com\/fr\/wp-json\/wp\/v2\/users\/1"}],"replies":[{"embeddable":true,"href":"https:\/\/www.almendrasdebardenas.com\/fr\/wp-json\/wp\/v2\/comments?post=24"}],"version-history":[{"count":2,"href":"https:\/\/www.almendrasdebardenas.com\/fr\/wp-json\/wp\/v2\/pages\/24\/revisions"}],"predecessor-version":[{"id":360,"href":"https:\/\/www.almendrasdebardenas.com\/fr\/wp-json\/wp\/v2\/pages\/24\/revisions\/360"}],"wp:attachment":[{"href":"https:\/\/www.almendrasdebardenas.com\/fr\/wp-json\/wp\/v2\/media?parent=24"}],"curies":[{"name":"wp","href":"https:\/\/api.w.org\/{rel}","templated":true}]}}