{"id":15,"date":"2021-01-05T12:09:38","date_gmt":"2021-01-05T12:09:38","guid":{"rendered":"https:\/\/www.almendrasdebardenas.com\/?page_id=15"},"modified":"2021-05-05T10:33:40","modified_gmt":"2021-05-05T10:33:40","slug":"leoz-amandes","status":"publish","type":"page","link":"https:\/\/www.almendrasdebardenas.com\/fr\/leoz-amandes\/","title":{"rendered":"Leoz, Amandes des Bardenas","raw":"Leoz, Amandes des Bardenas"},"content":{"rendered":"<div class=\"block1\">\n<div class=\"container\">\n<div class=\"row justify-content-center\">\n<div class=\"col-12 col-md-4\"><img loading=\"lazy\" decoding=\"async\" class=\"alignnone size-full wp-image-93\" src=\"https:\/\/www.almendrasdebardenas.com\/wp-content\/uploads\/irene-nonay-almendras-leoz.png\" alt=\"Almendras Leoz, almendras de Bardenas\" width=\"550\" height=\"554\" srcset=\"https:\/\/www.almendrasdebardenas.com\/wp-content\/uploads\/irene-nonay-almendras-leoz.png 550w, https:\/\/www.almendrasdebardenas.com\/wp-content\/uploads\/irene-nonay-almendras-leoz-298x300.png 298w\" sizes=\"auto, (max-width: 550px) 100vw, 550px\" \/><\/div>\n<div class=\"col-12 col-md-8\">\n<h1>Leoz, Amandes des Bardenas<\/h1>\n<p>Je m&#8217;appelle Irene Nonay, je suis pharmacienne mais je suis passionn\u00e9e par la culture des amandes. J&#8217;ai toujours grandi autour des amandiers et apr\u00e8s toutes mes ann\u00e9es d&#8217;\u00e9tudes, de travail et de voyages dans d&#8217;autres pays, j&#8217;ai d\u00e9cid\u00e9 de retrouver mes origines. <\/p>\n<\/div>\n<\/div>\n<\/div>\n<\/div>\n<div class=\"block2\">\n<div class=\"container\">\n<div class=\"row\">\n<div class=\"col-12 col-md-4 d-flex\">\n<div class=\"mod\">\n<div class=\"icon-torre-leoz\"><\/div>\n<h3><a title=\"Historia de almendras Leoz\" href=\"https:\/\/www.almendrasdebardenas.com\/nosotros\/nuestra-historia\/\">Notre histoire<\/a><\/h3>\n<p>Leoz, Amandes des Bardenas est le fruit d&#8217;une tradition familiale de la culture des amandes dans le sud de la Navarre.\n<\/p><\/div>\n<\/div>\n<div class=\"col-12 col-md-4 d-flex\">\n<div class=\"mod\">\n<div class=\"icon-leoz\"><\/div>\n<h3><a title=\"Marca de almendras Leoz en Navarra\" href=\"https:\/\/www.almendrasdebardenas.com\/nosotros\/nuestra-marca\/\">Notre marque<\/a><\/h3>\n<p>Notre marque maintient un lien tr\u00e8s \u00e9troit avec les terres des Bardenas de Navarre, au sein d&#8217;un site du nom de Torre de Leoz.<\/p>\n<\/div>\n<\/div>\n<div class=\"col-12 col-md-4 d-flex\">\n<div class=\"mod\">\n<div class=\"icon-almendros\"><\/div>\n<h3><a title=\"Cultivo de la almendra en Navarra\" href=\"https:\/\/www.almendrasdebardenas.com\/nosotros\/la-finca\/\">Le domaine<\/a><\/h3>\n<p>Les conditions climatiques uniques du d\u00e9sert des Bardenas conf\u00e8rent \u00e0 nos amandes des caract\u00e9ristiques exceptionnelles.\n<\/p><\/div>\n<\/div>\n<\/div>\n<\/div>\n<\/div>\n","protected":false,"raw":"<div class=\"block1\">\r\n<div class=\"container\">\r\n<div class=\"row justify-content-center\">\r\n<div class=\"col-12 col-md-4\"><img class=\"alignnone size-full wp-image-93\" src=\"https:\/\/www.almendrasdebardenas.com\/wp-content\/uploads\/irene-nonay-almendras-leoz.png\" alt=\"Almendras Leoz, almendras de Bardenas\" width=\"550\" height=\"554\" \/><\/div>\r\n<div class=\"col-12 col-md-8\">\r\n<h1>Leoz, Amandes des Bardenas<\/h1>\r\nJe m'appelle Irene Nonay, je suis pharmacienne mais je suis passionn\u00e9e par la culture des amandes. J'ai toujours grandi autour des amandiers et apr\u00e8s toutes mes ann\u00e9es d'\u00e9tudes, de travail et de voyages dans d'autres pays, j'ai d\u00e9cid\u00e9 de retrouver mes origines. \r\n\r\n<\/div>\r\n<\/div>\r\n<\/div>\r\n<\/div>\r\n<div class=\"block2\">\r\n<div class=\"container\">\r\n<div class=\"row\">\r\n<div class=\"col-12 col-md-4 d-flex\">\r\n<div class=\"mod\">\r\n<div class=\"icon-torre-leoz\"><\/div>\r\n<h3><a title=\"Historia de almendras Leoz\" href=\"https:\/\/www.almendrasdebardenas.com\/nosotros\/nuestra-historia\/\">Notre histoire<\/a><\/h3>\r\nLeoz, Amandes des Bardenas est le fruit d'une tradition familiale de la culture des amandes dans le sud de la Navarre.\r\n<\/div>\r\n<\/div>\r\n<div class=\"col-12 col-md-4 d-flex\">\r\n<div class=\"mod\">\r\n<div class=\"icon-leoz\"><\/div>\r\n<h3><a title=\"Marca de almendras Leoz en Navarra\" href=\"https:\/\/www.almendrasdebardenas.com\/nosotros\/nuestra-marca\/\">Notre marque<\/a><\/h3>\r\nNotre marque maintient un lien tr\u00e8s \u00e9troit avec les terres des Bardenas de Navarre, au sein d'un site du nom de Torre de Leoz.\r\n\r\n<\/div>\r\n<\/div>\r\n<div class=\"col-12 col-md-4 d-flex\">\r\n<div class=\"mod\">\r\n<div class=\"icon-almendros\"><\/div>\r\n<h3><a title=\"Cultivo de la almendra en Navarra\" href=\"https:\/\/www.almendrasdebardenas.com\/nosotros\/la-finca\/\">Le domaine<\/a><\/h3>\r\nLes conditions climatiques uniques du d\u00e9sert des Bardenas conf\u00e8rent \u00e0 nos amandes des caract\u00e9ristiques exceptionnelles.\r\n<\/div>\r\n<\/div>\r\n<\/div>\r\n<\/div>\r\n<\/div>"},"excerpt":{"rendered":"","protected":false,"raw":""},"author":1,"featured_media":0,"parent":0,"menu_order":5,"comment_status":"closed","ping_status":"closed","template":"templates\/page-full.php","meta":{"_es_post_content":"<div class=\"block1\">\r\n<div class=\"container\">\r\n<div class=\"row justify-content-center\">\r\n<div class=\"col-12 col-md-4\"><img class=\"alignnone size-full wp-image-93\" src=\"https:\/\/www.almendrasdebardenas.com\/wp-content\/uploads\/irene-nonay-almendras-leoz.png\" alt=\"Almendras Leoz, almendras de Bardenas\" width=\"550\" height=\"554\" \/><\/div>\r\n<div class=\"col-12 col-md-8\">\r\n<h1>Leoz, Almendras de Bardenas<\/h1>\r\nMi nombre es Irene Nonay, soy farmac\u00e9utica pero mi pasi\u00f3n es la <strong>almendricultura<\/strong>. He crecido toda mi vida rodeada de almendros y tras varios a\u00f1os estudiando, trabajando y viviendo en otros pa\u00edses he decidido volver a mis or\u00edgenes.\r\n\r\n<\/div>\r\n<\/div>\r\n<\/div>\r\n<\/div>\r\n<div class=\"block2\">\r\n<div class=\"container\">\r\n<div class=\"row\">\r\n<div class=\"col-12 col-md-4 d-flex\">\r\n<div class=\"mod\">\r\n<div class=\"icon-torre-leoz\"><\/div>\r\n<h3><a title=\"Historia de almendras Leoz\" href=\"https:\/\/www.almendrasdebardenas.com\/nosotros\/nuestra-historia\/\">Nuestra historia<\/a><\/h3>\r\nLeoz, Almendras de Bardenas surge de la tradici\u00f3n familiar del cultivo de almendros en el sur de Navarra.\r\n\r\n<\/div>\r\n<\/div>\r\n<div class=\"col-12 col-md-4 d-flex\">\r\n<div class=\"mod\">\r\n<div class=\"icon-leoz\"><\/div>\r\n<h3><a title=\"Marca de almendras Leoz en Navarra\" href=\"https:\/\/www.almendrasdebardenas.com\/nosotros\/nuestra-marca\/\">Nuestra marca<\/a><\/h3>\r\nNuestra marca est\u00e1 muy unida a las tierras de Bardenas de Navarra, al paraje conocido como Torre de Leoz.\r\n\r\n<\/div>\r\n<\/div>\r\n<div class=\"col-12 col-md-4 d-flex\">\r\n<div class=\"mod\">\r\n<div class=\"icon-almendros\"><\/div>\r\n<h3><a title=\"Cultivo de la almendra en Navarra\" href=\"https:\/\/www.almendrasdebardenas.com\/nosotros\/la-finca\/\">La finca<\/a><\/h3>\r\nLas condiciones clim\u00e1ticas \u00fanicas del desierto de Bardenas confieren a nuestras almendras unas caracter\u00edsticas excepcionales.\r\n\r\n<\/div>\r\n<\/div>\r\n<\/div>\r\n<\/div>\r\n<\/div>","_es_post_name":"almendras-leoz","_es_post_excerpt":"","_es_post_title":"Leoz, Almendras de Bardenas","_en_post_content":"<div class=\"block1\">\r\n<div class=\"container\">\r\n<div class=\"row justify-content-center\">\r\n<div class=\"col-12 col-md-4\"><img class=\"alignnone size-full wp-image-93\" src=\"https:\/\/www.almendrasdebardenas.com\/wp-content\/uploads\/irene-nonay-almendras-leoz.png\" alt=\"Almendras Leoz, almendras de Bardenas\" width=\"550\" height=\"554\" \/><\/div>\r\n<div class=\"col-12 col-md-8\">\r\n<h1>Leoz, Almonds from the Bardenas<\/h1>\r\nMy name is Irene Nonay, I'm a pharmacist, but my passion is\u00a0almond cultivation. I've grown up surrounded by almond trees and, after a number of years studying, working and living in other countries, I've taken the decision to return to my origins.\r\n\r\n<\/div>\r\n<\/div>\r\n<\/div>\r\n<\/div>\r\n<div class=\"block2\">\r\n<div class=\"container\">\r\n<div class=\"row\">\r\n<div class=\"col-12 col-md-4 d-flex\">\r\n<div class=\"mod\">\r\n<div class=\"icon-torre-leoz\"><\/div>\r\n<h3><a title=\"Historia de almendras Leoz\" href=\"https:\/\/www.almendrasdebardenas.com\/nosotros\/nuestra-historia\/\">Our history<\/a><\/h3>\r\nLeoz, Almonds from the Bardenas stems from the family tradition of growing almonds in the south of Navarre.\r\n\r\n<\/div>\r\n<\/div>\r\n<div class=\"col-12 col-md-4 d-flex\">\r\n<div class=\"mod\">\r\n<div class=\"icon-leoz\"><\/div>\r\n<h3><a title=\"Marca de almendras Leoz en Navarra\" href=\"https:\/\/www.almendrasdebardenas.com\/nosotros\/nuestra-marca\/\">Our brand<\/a><\/h3>\r\nOur brand is closely related to the lands of Bardenas of Navarre, to the place known as Torre de Leoz.\r\n\r\n<\/div>\r\n<\/div>\r\n<div class=\"col-12 col-md-4 d-flex\">\r\n<div class=\"mod\">\r\n<div class=\"icon-almendros\"><\/div>\r\n<h3><a title=\"Cultivo de la almendra en Navarra\" href=\"https:\/\/www.almendrasdebardenas.com\/nosotros\/la-finca\/\">The estate<\/a><\/h3>\r\nThe unique climate conditions of the Bardenas desert gives our almonds some exceptional characteristics.\r\n\r\n<\/div>\r\n<\/div>\r\n<\/div>\r\n<\/div>\r\n<\/div>","_en_post_name":"leoz-almonds","_en_post_excerpt":"","_en_post_title":"Leoz, Almonds from the Bardenas","_fr_post_content":"<div class=\"block1\">\r\n<div class=\"container\">\r\n<div class=\"row justify-content-center\">\r\n<div class=\"col-12 col-md-4\"><img class=\"alignnone size-full wp-image-93\" src=\"https:\/\/www.almendrasdebardenas.com\/wp-content\/uploads\/irene-nonay-almendras-leoz.png\" alt=\"Almendras Leoz, almendras de Bardenas\" width=\"550\" height=\"554\" \/><\/div>\r\n<div class=\"col-12 col-md-8\">\r\n<h1>Leoz, Amandes des Bardenas<\/h1>\r\nJe m'appelle Irene Nonay, je suis pharmacienne mais je suis passionn\u00e9e par la culture des amandes. J'ai toujours grandi autour des amandiers et apr\u00e8s toutes mes ann\u00e9es d'\u00e9tudes, de travail et de voyages dans d'autres pays, j'ai d\u00e9cid\u00e9 de retrouver mes origines. \r\n\r\n<\/div>\r\n<\/div>\r\n<\/div>\r\n<\/div>\r\n<div class=\"block2\">\r\n<div class=\"container\">\r\n<div class=\"row\">\r\n<div class=\"col-12 col-md-4 d-flex\">\r\n<div class=\"mod\">\r\n<div class=\"icon-torre-leoz\"><\/div>\r\n<h3><a title=\"Historia de almendras Leoz\" href=\"https:\/\/www.almendrasdebardenas.com\/nosotros\/nuestra-historia\/\">Notre histoire<\/a><\/h3>\r\nLeoz, Amandes des Bardenas est le fruit d'une tradition familiale de la culture des amandes dans le sud de la Navarre.\r\n<\/div>\r\n<\/div>\r\n<div class=\"col-12 col-md-4 d-flex\">\r\n<div class=\"mod\">\r\n<div class=\"icon-leoz\"><\/div>\r\n<h3><a title=\"Marca de almendras Leoz en Navarra\" href=\"https:\/\/www.almendrasdebardenas.com\/nosotros\/nuestra-marca\/\">Notre marque<\/a><\/h3>\r\nNotre marque maintient un lien tr\u00e8s \u00e9troit avec les terres des Bardenas de Navarre, au sein d'un site du nom de Torre de Leoz.\r\n\r\n<\/div>\r\n<\/div>\r\n<div class=\"col-12 col-md-4 d-flex\">\r\n<div class=\"mod\">\r\n<div class=\"icon-almendros\"><\/div>\r\n<h3><a title=\"Cultivo de la almendra en Navarra\" href=\"https:\/\/www.almendrasdebardenas.com\/nosotros\/la-finca\/\">Le domaine<\/a><\/h3>\r\nLes conditions climatiques uniques du d\u00e9sert des Bardenas conf\u00e8rent \u00e0 nos amandes des caract\u00e9ristiques exceptionnelles.\r\n<\/div>\r\n<\/div>\r\n<\/div>\r\n<\/div>\r\n<\/div>","_fr_post_name":"leoz-amandes","_fr_post_excerpt":"","_fr_post_title":"Leoz, Amandes des Bardenas","edit_language":"fr","footnotes":""},"class_list":["post-15","page","type-page","status-publish","hentry"],"yoast_head":"<!-- This site is optimized with the Yoast SEO plugin v27.4 - https:\/\/yoast.com\/product\/yoast-seo-wordpress\/ -->\n<title>Leoz, Almendras de Bardenas<\/title>\n<meta name=\"robots\" content=\"index, follow, max-snippet:-1, max-image-preview:large, max-video-preview:-1\" \/>\n<link rel=\"canonical\" href=\"https:\/\/www.almendrasdebardenas.com\/almendras-leoz\/\" \/>\n<meta property=\"og:locale\" content=\"fr_FR\" \/>\n<meta property=\"og:type\" content=\"article\" \/>\n<meta property=\"og:title\" content=\"Leoz, Almendras de Bardenas\" \/>\n<meta property=\"og:description\" content=\"Leoz, Amandes des Bardenas Je m&#8217;appelle Irene Nonay, je suis pharmacienne mais je suis passionn\u00e9e par la culture des amandes. J&#8217;ai toujours grandi autour des amandiers et apr\u00e8s toutes mes ann\u00e9es d&#8217;\u00e9tudes, de travail et de voyages dans d&#8217;autres pays, j&#8217;ai d\u00e9cid\u00e9 de retrouver mes origines. Notre histoire Leoz, Amandes des Bardenas est le fruit [&hellip;]\" \/>\n<meta property=\"og:url\" content=\"https:\/\/www.almendrasdebardenas.com\/almendras-leoz\/\" \/>\n<meta property=\"og:site_name\" content=\"Almendras Leoz\" \/>\n<meta property=\"article:modified_time\" content=\"2021-05-05T10:33:40+00:00\" \/>\n<meta property=\"og:image\" content=\"https:\/\/www.almendrasdebardenas.com\/wp-content\/uploads\/irene-nonay-almendras-leoz.png\" \/>\n<meta name=\"twitter:card\" content=\"summary_large_image\" \/>\n<meta name=\"twitter:site\" content=\"@irenenonay\" \/>\n<meta name=\"twitter:label1\" content=\"Dur\u00e9e de lecture estim\u00e9e\" \/>\n\t<meta name=\"twitter:data1\" content=\"1 minute\" \/>\n<script type=\"application\/ld+json\" class=\"yoast-schema-graph\">{\"@context\":\"https:\\\/\\\/schema.org\",\"@graph\":[{\"@type\":\"WebPage\",\"@id\":\"https:\\\/\\\/www.almendrasdebardenas.com\\\/almendras-leoz\\\/\",\"url\":\"https:\\\/\\\/www.almendrasdebardenas.com\\\/almendras-leoz\\\/\",\"name\":\"Leoz, Almendras de Bardenas\",\"isPartOf\":{\"@id\":\"https:\\\/\\\/www.almendrasdebardenas.com\\\/#website\"},\"primaryImageOfPage\":{\"@id\":\"https:\\\/\\\/www.almendrasdebardenas.com\\\/almendras-leoz\\\/#primaryimage\"},\"image\":{\"@id\":\"https:\\\/\\\/www.almendrasdebardenas.com\\\/almendras-leoz\\\/#primaryimage\"},\"thumbnailUrl\":\"https:\\\/\\\/www.almendrasdebardenas.com\\\/wp-content\\\/uploads\\\/irene-nonay-almendras-leoz.png\",\"datePublished\":\"2021-01-05T12:09:38+00:00\",\"dateModified\":\"2021-05-05T10:33:40+00:00\",\"breadcrumb\":{\"@id\":\"https:\\\/\\\/www.almendrasdebardenas.com\\\/almendras-leoz\\\/#breadcrumb\"},\"inLanguage\":\"fr-FR\",\"potentialAction\":[{\"@type\":\"ReadAction\",\"target\":[\"https:\\\/\\\/www.almendrasdebardenas.com\\\/almendras-leoz\\\/\"]}]},{\"@type\":\"ImageObject\",\"inLanguage\":\"fr-FR\",\"@id\":\"https:\\\/\\\/www.almendrasdebardenas.com\\\/almendras-leoz\\\/#primaryimage\",\"url\":\"https:\\\/\\\/www.almendrasdebardenas.com\\\/wp-content\\\/uploads\\\/irene-nonay-almendras-leoz.png\",\"contentUrl\":\"https:\\\/\\\/www.almendrasdebardenas.com\\\/wp-content\\\/uploads\\\/irene-nonay-almendras-leoz.png\"},{\"@type\":\"BreadcrumbList\",\"@id\":\"https:\\\/\\\/www.almendrasdebardenas.com\\\/almendras-leoz\\\/#breadcrumb\",\"itemListElement\":[{\"@type\":\"ListItem\",\"position\":1,\"name\":\"Portada\",\"item\":\"https:\\\/\\\/www.almendrasdebardenas.com\\\/\"},{\"@type\":\"ListItem\",\"position\":2,\"name\":\"Leoz, Almendras de Bardenas\"}]},{\"@type\":\"WebSite\",\"@id\":\"https:\\\/\\\/www.almendrasdebardenas.com\\\/#website\",\"url\":\"https:\\\/\\\/www.almendrasdebardenas.com\\\/\",\"name\":\"Almendras Leoz\",\"description\":\"Almendras de Bardenas\",\"publisher\":{\"@id\":\"https:\\\/\\\/www.almendrasdebardenas.com\\\/#organization\"},\"potentialAction\":[{\"@type\":\"SearchAction\",\"target\":{\"@type\":\"EntryPoint\",\"urlTemplate\":\"https:\\\/\\\/www.almendrasdebardenas.com\\\/?s={search_term_string}\"},\"query-input\":{\"@type\":\"PropertyValueSpecification\",\"valueRequired\":true,\"valueName\":\"search_term_string\"}}],\"inLanguage\":\"fr-FR\"},{\"@type\":\"Organization\",\"@id\":\"https:\\\/\\\/www.almendrasdebardenas.com\\\/#organization\",\"name\":\"Almendras Leoz\",\"url\":\"https:\\\/\\\/www.almendrasdebardenas.com\\\/\",\"logo\":{\"@type\":\"ImageObject\",\"inLanguage\":\"fr-FR\",\"@id\":\"https:\\\/\\\/www.almendrasdebardenas.com\\\/#\\\/schema\\\/logo\\\/image\\\/\",\"url\":\"https:\\\/\\\/www.almendrasdebardenas.com\\\/wp-content\\\/uploads\\\/leoz-almendras-de-bardenas.png\",\"contentUrl\":\"https:\\\/\\\/www.almendrasdebardenas.com\\\/wp-content\\\/uploads\\\/leoz-almendras-de-bardenas.png\",\"width\":300,\"height\":90,\"caption\":\"Almendras Leoz\"},\"image\":{\"@id\":\"https:\\\/\\\/www.almendrasdebardenas.com\\\/#\\\/schema\\\/logo\\\/image\\\/\"},\"sameAs\":[\"https:\\\/\\\/x.com\\\/irenenonay\",\"https:\\\/\\\/www.instagram.com\\\/irenenonay\\\/\"]}]}<\/script>\n<!-- \/ Yoast SEO plugin. -->","yoast_head_json":{"title":"Leoz, Almendras de Bardenas","robots":{"index":"index","follow":"follow","max-snippet":"max-snippet:-1","max-image-preview":"max-image-preview:large","max-video-preview":"max-video-preview:-1"},"canonical":"https:\/\/www.almendrasdebardenas.com\/almendras-leoz\/","og_locale":"fr_FR","og_type":"article","og_title":"Leoz, Almendras de Bardenas","og_description":"Leoz, Amandes des Bardenas Je m&#8217;appelle Irene Nonay, je suis pharmacienne mais je suis passionn\u00e9e par la culture des amandes. J&#8217;ai toujours grandi autour des amandiers et apr\u00e8s toutes mes ann\u00e9es d&#8217;\u00e9tudes, de travail et de voyages dans d&#8217;autres pays, j&#8217;ai d\u00e9cid\u00e9 de retrouver mes origines. Notre histoire Leoz, Amandes des Bardenas est le fruit [&hellip;]","og_url":"https:\/\/www.almendrasdebardenas.com\/almendras-leoz\/","og_site_name":"Almendras Leoz","article_modified_time":"2021-05-05T10:33:40+00:00","og_image":[{"url":"https:\/\/www.almendrasdebardenas.com\/wp-content\/uploads\/irene-nonay-almendras-leoz.png","type":"","width":"","height":""}],"twitter_card":"summary_large_image","twitter_site":"@irenenonay","twitter_misc":{"Dur\u00e9e de lecture estim\u00e9e":"1 minute"},"schema":{"@context":"https:\/\/schema.org","@graph":[{"@type":"WebPage","@id":"https:\/\/www.almendrasdebardenas.com\/almendras-leoz\/","url":"https:\/\/www.almendrasdebardenas.com\/almendras-leoz\/","name":"Leoz, Almendras de Bardenas","isPartOf":{"@id":"https:\/\/www.almendrasdebardenas.com\/#website"},"primaryImageOfPage":{"@id":"https:\/\/www.almendrasdebardenas.com\/almendras-leoz\/#primaryimage"},"image":{"@id":"https:\/\/www.almendrasdebardenas.com\/almendras-leoz\/#primaryimage"},"thumbnailUrl":"https:\/\/www.almendrasdebardenas.com\/wp-content\/uploads\/irene-nonay-almendras-leoz.png","datePublished":"2021-01-05T12:09:38+00:00","dateModified":"2021-05-05T10:33:40+00:00","breadcrumb":{"@id":"https:\/\/www.almendrasdebardenas.com\/almendras-leoz\/#breadcrumb"},"inLanguage":"fr-FR","potentialAction":[{"@type":"ReadAction","target":["https:\/\/www.almendrasdebardenas.com\/almendras-leoz\/"]}]},{"@type":"ImageObject","inLanguage":"fr-FR","@id":"https:\/\/www.almendrasdebardenas.com\/almendras-leoz\/#primaryimage","url":"https:\/\/www.almendrasdebardenas.com\/wp-content\/uploads\/irene-nonay-almendras-leoz.png","contentUrl":"https:\/\/www.almendrasdebardenas.com\/wp-content\/uploads\/irene-nonay-almendras-leoz.png"},{"@type":"BreadcrumbList","@id":"https:\/\/www.almendrasdebardenas.com\/almendras-leoz\/#breadcrumb","itemListElement":[{"@type":"ListItem","position":1,"name":"Portada","item":"https:\/\/www.almendrasdebardenas.com\/"},{"@type":"ListItem","position":2,"name":"Leoz, Almendras de Bardenas"}]},{"@type":"WebSite","@id":"https:\/\/www.almendrasdebardenas.com\/#website","url":"https:\/\/www.almendrasdebardenas.com\/","name":"Almendras Leoz","description":"Almendras de Bardenas","publisher":{"@id":"https:\/\/www.almendrasdebardenas.com\/#organization"},"potentialAction":[{"@type":"SearchAction","target":{"@type":"EntryPoint","urlTemplate":"https:\/\/www.almendrasdebardenas.com\/?s={search_term_string}"},"query-input":{"@type":"PropertyValueSpecification","valueRequired":true,"valueName":"search_term_string"}}],"inLanguage":"fr-FR"},{"@type":"Organization","@id":"https:\/\/www.almendrasdebardenas.com\/#organization","name":"Almendras Leoz","url":"https:\/\/www.almendrasdebardenas.com\/","logo":{"@type":"ImageObject","inLanguage":"fr-FR","@id":"https:\/\/www.almendrasdebardenas.com\/#\/schema\/logo\/image\/","url":"https:\/\/www.almendrasdebardenas.com\/wp-content\/uploads\/leoz-almendras-de-bardenas.png","contentUrl":"https:\/\/www.almendrasdebardenas.com\/wp-content\/uploads\/leoz-almendras-de-bardenas.png","width":300,"height":90,"caption":"Almendras Leoz"},"image":{"@id":"https:\/\/www.almendrasdebardenas.com\/#\/schema\/logo\/image\/"},"sameAs":["https:\/\/x.com\/irenenonay","https:\/\/www.instagram.com\/irenenonay\/"]}]}},"_links":{"self":[{"href":"https:\/\/www.almendrasdebardenas.com\/fr\/wp-json\/wp\/v2\/pages\/15","targetHints":{"allow":["GET"]}}],"collection":[{"href":"https:\/\/www.almendrasdebardenas.com\/fr\/wp-json\/wp\/v2\/pages"}],"about":[{"href":"https:\/\/www.almendrasdebardenas.com\/fr\/wp-json\/wp\/v2\/types\/page"}],"author":[{"embeddable":true,"href":"https:\/\/www.almendrasdebardenas.com\/fr\/wp-json\/wp\/v2\/users\/1"}],"replies":[{"embeddable":true,"href":"https:\/\/www.almendrasdebardenas.com\/fr\/wp-json\/wp\/v2\/comments?post=15"}],"version-history":[{"count":3,"href":"https:\/\/www.almendrasdebardenas.com\/fr\/wp-json\/wp\/v2\/pages\/15\/revisions"}],"predecessor-version":[{"id":244,"href":"https:\/\/www.almendrasdebardenas.com\/fr\/wp-json\/wp\/v2\/pages\/15\/revisions\/244"}],"wp:attachment":[{"href":"https:\/\/www.almendrasdebardenas.com\/fr\/wp-json\/wp\/v2\/media?parent=15"}],"curies":[{"name":"wp","href":"https:\/\/api.w.org\/{rel}","templated":true}]}}