{"id":318,"date":"2021-11-12T08:54:47","date_gmt":"2021-11-12T08:54:47","guid":{"rendered":"https:\/\/www.almendrasdebardenas.com\/?post_type=product&#038;p=318"},"modified":"2023-10-18T11:51:38","modified_gmt":"2023-10-18T11:51:38","slug":"belona-almond","status":"publish","type":"product","link":"https:\/\/www.almendrasdebardenas.com\/en\/product\/belona-almond\/","title":{"rendered":"Belona Almond","raw":"Belona Almond"},"content":{"rendered":"<table cellpadding=\"7\" cellspacing=\"0\" class=\"table table-striped\">\n<tr>\n<td> <strong>TREE VIGOUR<\/strong><\/td>\n<td> Medium<\/td>\n<\/tr>\n<tr>\n<td> <strong>FLOWER COLOUR<\/strong><\/td>\n<td> White<\/td>\n<\/tr>\n<tr>\n<td> <strong>FRUIT SHAPE<\/strong><\/td>\n<td> Round and large<\/td>\n<\/tr>\n<tr>\n<td> <strong>SHELL HARDNESS<\/strong><\/td>\n<td> Hard<\/td>\n<\/tr>\n<tr>\n<td> <strong>YIELD<\/strong><\/td>\n<td> 30%<\/td>\n<\/tr>\n<tr>\n<td> <strong>SEED SIZE<\/strong><\/td>\n<td> 1,40 g<\/td>\n<\/tr>\n<tr>\n<td> <strong>CULTIVATION<\/strong><\/td>\n<td>Traditional<\/td>\n<\/tr>\n<\/table>\n","protected":false,"raw":"<table cellpadding=\"7\" cellspacing=\"0\" class=\"table table-striped\">\r\n\r\n\t      <tr>\r\n\t        <td> <strong>TREE VIGOUR<\/strong><\/td>\r\n\t        <td> Medium<\/td>\r\n          <\/tr>\r\n\t      <tr>\r\n\t        <td> <strong>FLOWER COLOUR<\/strong><\/td>\r\n\t        <td> White<\/td>\r\n          <\/tr>\r\n\t      <tr>\r\n\t        <td> <strong>FRUIT SHAPE<\/strong><\/td>\r\n\t        <td> Round and large<\/td>\r\n          <\/tr>\r\n\t      <tr>\r\n\t        <td> <strong>SHELL HARDNESS<\/strong><\/td>\r\n\t        <td> Hard<\/td>\r\n          <\/tr>\r\n\t      <tr>\r\n\t        <td> <strong>YIELD<\/strong><\/td>\r\n\t        <td> 30%<\/td>\r\n          <\/tr>\r\n\t      <tr>\r\n\t        <td> <strong>SEED SIZE<\/strong><\/td>\r\n\t        <td> 1,40 g<\/td>\r\n          <\/tr>\r\n\t\t\t <tr>\r\n\t\t\t<td> <strong>CULTIVATION<\/strong><\/td>\r\n\t\t\t<td>Traditional<\/td>\r\n\t\t  <\/tr>\r\n        <\/table>"},"excerpt":{"rendered":"<p>La almendra Belona es una variedad surgida en Arag\u00f3n a partir del cruce de varias especies, esto le confiere una alta resistencia al fr\u00edo y a las heladas.<\/p>\n<p>Su sabor, dureza y alto contenido en grasa, la convierten en la almendra perfecta para la producci\u00f3n de turrones, as\u00ed como todo tipo de dulces y almendrados.<\/p>\n<ul class=\"at\">\n<li class=\"icon-cascara\">With shell <\/li>\n<li class=\"icon-caja\"> 4 kg<\/li>\n<\/ul>\n","protected":false,"raw":"La almendra Belona es una variedad surgida en Arag\u00f3n a partir del cruce de varias especies, esto le confiere una alta resistencia al fr\u00edo y a las heladas.\r\n\r\nSu sabor, dureza y alto contenido en grasa, la convierten en la almendra perfecta para la producci\u00f3n de turrones, as\u00ed como todo tipo de dulces y almendrados.\r\n\r\n<ul class=\"at\">\r\n<li class=\"icon-cascara\">With shell <\/li>\r\n<li class=\"icon-caja\"> 4 kg<\/li>\r\n<\/ul>"},"featured_media":322,"template":"","meta":{"_es_post_content":"<table class=\"table table-striped\" cellspacing=\"0\" cellpadding=\"7\">\r\n<tbody>\r\n<tr>\r\n<td><strong>VIGOR \u00c1RBOL<\/strong><\/td>\r\n<td>Medio<\/td>\r\n<\/tr>\r\n<tr>\r\n<td><strong>COLOR FLOR<\/strong><\/td>\r\n<td>Blanco<\/td>\r\n<\/tr>\r\n<tr>\r\n<td><strong>FORMA FRUTO<\/strong><\/td>\r\n<td>Acorazonada y grande<\/td>\r\n<\/tr>\r\n<tr>\r\n<td><strong>DUREZA C\u00c1SCARA<\/strong><\/td>\r\n<td>Dura<\/td>\r\n<\/tr>\r\n<tr>\r\n<td><strong>RENDIMIENTO<\/strong><\/td>\r\n<td>30%<\/td>\r\n<\/tr>\r\n<tr>\r\n<td><strong>TAMA\u00d1O PIPA<\/strong><\/td>\r\n<td>1,40 g<\/td>\r\n<\/tr>\r\n<tr>\r\n<td><strong>CULTIVO<\/strong><\/td>\r\n<td>Tradicional<\/td>\r\n<\/tr>\r\n<\/tbody>\r\n<\/table>\r\n&nbsp;\r\n<h3>Origen de la almendra variedad Belona<\/h3>\r\nLa almendra variedad Belona ha sido desarrollada en el marco del <a title=\"Almendra con c\u00e1scara Belona\" href=\"https:\/\/citarea.cita-aragon.es\/citarea\/handle\/10532\/1212?mode=full\" target=\"_blank\" rel=\"noopener\">Programa de Mejora del Almendro del CITA<\/a> (Centro de Investigaci\u00f3n y Tecnolog\u00eda Agroalimentaria de Arag\u00f3n), mediante un largo proceso de mezcla de diferentes variedades de almendros (la variedad se empez\u00f3 a desarrollar en 1966).\r\n\r\nEl resultado de este largo proceso ha sido un tipo de cultivo mas resistente y productivo. La almendra Belona presenta un alto nivel de \u00e1cido grasos, lo que la hace ideal para la elaboraci\u00f3n de turrones y dulces, y presenta unas pepitas resistentes y de gran tama\u00f1o.","_es_post_name":"almendra-belona-con-cascara","_es_post_excerpt":"Almendra Belona con c\u00e1scara, se trata de una variedad surgida en Arag\u00f3n a partir del cruce de varias especies, esto le confiere una alta resistencia al fr\u00edo y a las heladas.\r\n\r\nSu sabor, dureza y alto contenido en grasa, la convierten en la almendra perfecta para la producci\u00f3n de turrones, as\u00ed como todo tipo de dulces y almendrados.\r\n<ul class=\"at\">\r\n \t<li class=\"icon-cascara\">Con c\u00e1scara<\/li>\r\n \t<li class=\"icon-caja\">4 kg<\/li>\r\n<\/ul>","_es_post_title":"Almendra Belona","_en_post_content":"<table cellpadding=\"7\" cellspacing=\"0\" class=\"table table-striped\">\r\n\r\n\t      <tr>\r\n\t        <td> <strong>TREE VIGOUR<\/strong><\/td>\r\n\t        <td> Medium<\/td>\r\n          <\/tr>\r\n\t      <tr>\r\n\t        <td> <strong>FLOWER COLOUR<\/strong><\/td>\r\n\t        <td> White<\/td>\r\n          <\/tr>\r\n\t      <tr>\r\n\t        <td> <strong>FRUIT SHAPE<\/strong><\/td>\r\n\t        <td> Round and large<\/td>\r\n          <\/tr>\r\n\t      <tr>\r\n\t        <td> <strong>SHELL HARDNESS<\/strong><\/td>\r\n\t        <td> Hard<\/td>\r\n          <\/tr>\r\n\t      <tr>\r\n\t        <td> <strong>YIELD<\/strong><\/td>\r\n\t        <td> 30%<\/td>\r\n          <\/tr>\r\n\t      <tr>\r\n\t        <td> <strong>SEED SIZE<\/strong><\/td>\r\n\t        <td> 1,40 g<\/td>\r\n          <\/tr>\r\n\t\t\t <tr>\r\n\t\t\t<td> <strong>CULTIVATION<\/strong><\/td>\r\n\t\t\t<td>Traditional<\/td>\r\n\t\t  <\/tr>\r\n        <\/table>","_en_post_name":"belona-almond","_en_post_excerpt":"La almendra Belona es una variedad surgida en Arag\u00f3n a partir del cruce de varias especies, esto le confiere una alta resistencia al fr\u00edo y a las heladas.\r\n\r\nSu sabor, dureza y alto contenido en grasa, la convierten en la almendra perfecta para la producci\u00f3n de turrones, as\u00ed como todo tipo de dulces y almendrados.\r\n\r\n<ul class=\"at\">\r\n<li class=\"icon-cascara\">With shell <\/li>\r\n<li class=\"icon-caja\"> 4 kg<\/li>\r\n<\/ul>","_en_post_title":"Belona Almond","_fr_post_content":"<table cellpadding=\"7\" cellspacing=\"0\" class=\"table table-striped\">\r\n\r\n\t      <tr>\r\n\t        <td> <strong>ROBUSTESSE ARBRE<\/strong><\/td>\r\n\t        <td> Moyenne<\/td>\r\n          <\/tr>\r\n\t      <tr>\r\n\t        <td> <strong>COULEUR FLEUR<\/strong><\/td>\r\n\t        <td> Blanc<\/td>\r\n          <\/tr>\r\n\t      <tr>\r\n\t        <td> <strong>FORME FRUIT<\/strong><\/td>\r\n\t        <td> Arrondie et grande<\/td>\r\n          <\/tr>\r\n\t      <tr>\r\n\t        <td> <strong>DURET\u00c9 COQUE<\/strong><\/td>\r\n\t        <td> Dure<\/td>\r\n          <\/tr>\r\n\t      <tr>\r\n\t        <td> <strong>RENDEMENT<\/strong><\/td>\r\n\t        <td> 30%<\/td>\r\n          <\/tr>\r\n\t      <tr>\r\n\t        <td> <strong>TAILLE GRAINE<\/strong><\/td>\r\n\t        <td> 1,40 g<\/td>\r\n          <\/tr>\r\n\t\t\t <tr>\r\n\t\t\t<td> <strong>CULTURE<\/strong><\/td>\r\n\t\t\t<td>Traditionnelle<\/td>\r\n\t\t  <\/tr>\r\n        <\/table>","_fr_post_name":"amande-belona","_fr_post_excerpt":"La almendra Belona es una variedad surgida en Arag\u00f3n a partir del cruce de varias especies, esto le confiere una alta resistencia al fr\u00edo y a las heladas.\r\n\r\nSu sabor, dureza y alto contenido en grasa, la convierten en la almendra perfecta para la producci\u00f3n de turrones, as\u00ed como todo tipo de dulces y almendrados.\r\n\r\n<ul class=\"at\">\r\n<li class=\"icon-cascara\">Avec coque <\/li>\r\n<li class=\"icon-caja\"> 4 kg<\/li>\r\n<\/ul>","_fr_post_title":"Amande Belona","edit_language":"en"},"product_brand":[],"product_cat":[37],"product_tag":[],"class_list":{"0":"post-318","1":"product","2":"type-product","3":"status-publish","4":"has-post-thumbnail","6":"product_cat-almendras","8":"first","9":"outofstock","10":"taxable","11":"shipping-taxable","12":"purchasable","13":"product-type-simple"},"yoast_head":"<!-- This site is optimized with the Yoast SEO plugin v27.4 - https:\/\/yoast.com\/product\/yoast-seo-wordpress\/ -->\n<title>Almendra Belona con c\u00e1scara, venta online con env\u00edo gratuito<\/title>\n<meta name=\"description\" content=\"Venta online de almendra Belona con c\u00e1scara, cajas de 4 kilos de almendras cultivadas en Navarra y con env\u00edo gratuito a toda la pen\u00ednsula.\" \/>\n<meta name=\"robots\" content=\"index, follow, max-snippet:-1, max-image-preview:large, max-video-preview:-1\" \/>\n<link rel=\"canonical\" href=\"https:\/\/www.almendrasdebardenas.com\/productos\/almendra-belona-con-cascara\/\" \/>\n<meta property=\"og:locale\" content=\"en_US\" \/>\n<meta property=\"og:type\" content=\"article\" \/>\n<meta property=\"og:title\" content=\"Almendra Belona con c\u00e1scara, venta online con env\u00edo gratuito\" \/>\n<meta property=\"og:description\" content=\"Venta online de almendra Belona con c\u00e1scara, cajas de 4 kilos de almendras cultivadas en Navarra y con env\u00edo gratuito a toda la pen\u00ednsula.\" \/>\n<meta property=\"og:url\" content=\"https:\/\/www.almendrasdebardenas.com\/productos\/almendra-belona-con-cascara\/\" \/>\n<meta property=\"og:site_name\" content=\"Almendras Leoz\" \/>\n<meta property=\"article:modified_time\" content=\"2023-10-18T11:51:38+00:00\" \/>\n<meta property=\"og:image\" content=\"https:\/\/www.almendrasdebardenas.com\/wp-content\/uploads\/almendra-belona-con-cascara.jpg\" \/>\n\t<meta property=\"og:image:width\" content=\"1200\" \/>\n\t<meta property=\"og:image:height\" content=\"900\" \/>\n\t<meta property=\"og:image:type\" content=\"image\/jpeg\" \/>\n<meta name=\"twitter:card\" content=\"summary_large_image\" \/>\n<meta name=\"twitter:site\" content=\"@irenenonay\" \/>\n<meta name=\"twitter:label1\" content=\"Est. reading time\" \/>\n\t<meta name=\"twitter:data1\" content=\"1 minute\" \/>\n<script type=\"application\/ld+json\" class=\"yoast-schema-graph\">{\"@context\":\"https:\\\/\\\/schema.org\",\"@graph\":[{\"@type\":\"WebPage\",\"@id\":\"https:\\\/\\\/www.almendrasdebardenas.com\\\/productos\\\/almendra-belona-con-cascara\\\/\",\"url\":\"https:\\\/\\\/www.almendrasdebardenas.com\\\/productos\\\/almendra-belona-con-cascara\\\/\",\"name\":\"Almendra Belona con c\u00e1scara, venta online con env\u00edo gratuito\",\"isPartOf\":{\"@id\":\"https:\\\/\\\/www.almendrasdebardenas.com\\\/#website\"},\"primaryImageOfPage\":{\"@id\":\"https:\\\/\\\/www.almendrasdebardenas.com\\\/productos\\\/almendra-belona-con-cascara\\\/#primaryimage\"},\"image\":{\"@id\":\"https:\\\/\\\/www.almendrasdebardenas.com\\\/productos\\\/almendra-belona-con-cascara\\\/#primaryimage\"},\"thumbnailUrl\":\"https:\\\/\\\/www.almendrasdebardenas.com\\\/wp-content\\\/uploads\\\/almendra-belona-con-cascara.jpg\",\"datePublished\":\"2021-11-12T08:54:47+00:00\",\"dateModified\":\"2023-10-18T11:51:38+00:00\",\"description\":\"Venta online de almendra Belona con c\u00e1scara, cajas de 4 kilos de almendras cultivadas en Navarra y con env\u00edo gratuito a toda la pen\u00ednsula.\",\"breadcrumb\":{\"@id\":\"https:\\\/\\\/www.almendrasdebardenas.com\\\/productos\\\/almendra-belona-con-cascara\\\/#breadcrumb\"},\"inLanguage\":\"en-US\",\"potentialAction\":[{\"@type\":\"ReadAction\",\"target\":[\"https:\\\/\\\/www.almendrasdebardenas.com\\\/productos\\\/almendra-belona-con-cascara\\\/\"]}]},{\"@type\":\"ImageObject\",\"inLanguage\":\"en-US\",\"@id\":\"https:\\\/\\\/www.almendrasdebardenas.com\\\/productos\\\/almendra-belona-con-cascara\\\/#primaryimage\",\"url\":\"https:\\\/\\\/www.almendrasdebardenas.com\\\/wp-content\\\/uploads\\\/almendra-belona-con-cascara.jpg\",\"contentUrl\":\"https:\\\/\\\/www.almendrasdebardenas.com\\\/wp-content\\\/uploads\\\/almendra-belona-con-cascara.jpg\",\"width\":1200,\"height\":900,\"caption\":\"almendra belona con c\u00e1scara\"},{\"@type\":\"BreadcrumbList\",\"@id\":\"https:\\\/\\\/www.almendrasdebardenas.com\\\/productos\\\/almendra-belona-con-cascara\\\/#breadcrumb\",\"itemListElement\":[{\"@type\":\"ListItem\",\"position\":1,\"name\":\"Portada\",\"item\":\"https:\\\/\\\/www.almendrasdebardenas.com\\\/\"},{\"@type\":\"ListItem\",\"position\":2,\"name\":\"Almendras de Navarra\",\"item\":\"https:\\\/\\\/www.almendrasdebardenas.com\\\/en\\\/almendras\\\/\"},{\"@type\":\"ListItem\",\"position\":3,\"name\":\"Almendra Belona\"}]},{\"@type\":\"WebSite\",\"@id\":\"https:\\\/\\\/www.almendrasdebardenas.com\\\/#website\",\"url\":\"https:\\\/\\\/www.almendrasdebardenas.com\\\/\",\"name\":\"Almendras Leoz\",\"description\":\"Almendras de Bardenas\",\"publisher\":{\"@id\":\"https:\\\/\\\/www.almendrasdebardenas.com\\\/#organization\"},\"potentialAction\":[{\"@type\":\"SearchAction\",\"target\":{\"@type\":\"EntryPoint\",\"urlTemplate\":\"https:\\\/\\\/www.almendrasdebardenas.com\\\/?s={search_term_string}\"},\"query-input\":{\"@type\":\"PropertyValueSpecification\",\"valueRequired\":true,\"valueName\":\"search_term_string\"}}],\"inLanguage\":\"en-US\"},{\"@type\":\"Organization\",\"@id\":\"https:\\\/\\\/www.almendrasdebardenas.com\\\/#organization\",\"name\":\"Almendras Leoz\",\"url\":\"https:\\\/\\\/www.almendrasdebardenas.com\\\/\",\"logo\":{\"@type\":\"ImageObject\",\"inLanguage\":\"en-US\",\"@id\":\"https:\\\/\\\/www.almendrasdebardenas.com\\\/#\\\/schema\\\/logo\\\/image\\\/\",\"url\":\"https:\\\/\\\/www.almendrasdebardenas.com\\\/wp-content\\\/uploads\\\/leoz-almendras-de-bardenas.png\",\"contentUrl\":\"https:\\\/\\\/www.almendrasdebardenas.com\\\/wp-content\\\/uploads\\\/leoz-almendras-de-bardenas.png\",\"width\":300,\"height\":90,\"caption\":\"Almendras Leoz\"},\"image\":{\"@id\":\"https:\\\/\\\/www.almendrasdebardenas.com\\\/#\\\/schema\\\/logo\\\/image\\\/\"},\"sameAs\":[\"https:\\\/\\\/x.com\\\/irenenonay\",\"https:\\\/\\\/www.instagram.com\\\/irenenonay\\\/\"]}]}<\/script>\n<!-- \/ Yoast SEO plugin. -->","yoast_head_json":{"title":"Almendra Belona con c\u00e1scara, venta online con env\u00edo gratuito","description":"Venta online de almendra Belona con c\u00e1scara, cajas de 4 kilos de almendras cultivadas en Navarra y con env\u00edo gratuito a toda la pen\u00ednsula.","robots":{"index":"index","follow":"follow","max-snippet":"max-snippet:-1","max-image-preview":"max-image-preview:large","max-video-preview":"max-video-preview:-1"},"canonical":"https:\/\/www.almendrasdebardenas.com\/productos\/almendra-belona-con-cascara\/","og_locale":"en_US","og_type":"article","og_title":"Almendra Belona con c\u00e1scara, venta online con env\u00edo gratuito","og_description":"Venta online de almendra Belona con c\u00e1scara, cajas de 4 kilos de almendras cultivadas en Navarra y con env\u00edo gratuito a toda la pen\u00ednsula.","og_url":"https:\/\/www.almendrasdebardenas.com\/productos\/almendra-belona-con-cascara\/","og_site_name":"Almendras Leoz","article_modified_time":"2023-10-18T11:51:38+00:00","og_image":[{"width":1200,"height":900,"url":"https:\/\/www.almendrasdebardenas.com\/wp-content\/uploads\/almendra-belona-con-cascara.jpg","type":"image\/jpeg"}],"twitter_card":"summary_large_image","twitter_site":"@irenenonay","twitter_misc":{"Est. reading time":"1 minute"},"schema":{"@context":"https:\/\/schema.org","@graph":[{"@type":"WebPage","@id":"https:\/\/www.almendrasdebardenas.com\/productos\/almendra-belona-con-cascara\/","url":"https:\/\/www.almendrasdebardenas.com\/productos\/almendra-belona-con-cascara\/","name":"Almendra Belona con c\u00e1scara, venta online con env\u00edo gratuito","isPartOf":{"@id":"https:\/\/www.almendrasdebardenas.com\/#website"},"primaryImageOfPage":{"@id":"https:\/\/www.almendrasdebardenas.com\/productos\/almendra-belona-con-cascara\/#primaryimage"},"image":{"@id":"https:\/\/www.almendrasdebardenas.com\/productos\/almendra-belona-con-cascara\/#primaryimage"},"thumbnailUrl":"https:\/\/www.almendrasdebardenas.com\/wp-content\/uploads\/almendra-belona-con-cascara.jpg","datePublished":"2021-11-12T08:54:47+00:00","dateModified":"2023-10-18T11:51:38+00:00","description":"Venta online de almendra Belona con c\u00e1scara, cajas de 4 kilos de almendras cultivadas en Navarra y con env\u00edo gratuito a toda la pen\u00ednsula.","breadcrumb":{"@id":"https:\/\/www.almendrasdebardenas.com\/productos\/almendra-belona-con-cascara\/#breadcrumb"},"inLanguage":"en-US","potentialAction":[{"@type":"ReadAction","target":["https:\/\/www.almendrasdebardenas.com\/productos\/almendra-belona-con-cascara\/"]}]},{"@type":"ImageObject","inLanguage":"en-US","@id":"https:\/\/www.almendrasdebardenas.com\/productos\/almendra-belona-con-cascara\/#primaryimage","url":"https:\/\/www.almendrasdebardenas.com\/wp-content\/uploads\/almendra-belona-con-cascara.jpg","contentUrl":"https:\/\/www.almendrasdebardenas.com\/wp-content\/uploads\/almendra-belona-con-cascara.jpg","width":1200,"height":900,"caption":"almendra belona con c\u00e1scara"},{"@type":"BreadcrumbList","@id":"https:\/\/www.almendrasdebardenas.com\/productos\/almendra-belona-con-cascara\/#breadcrumb","itemListElement":[{"@type":"ListItem","position":1,"name":"Portada","item":"https:\/\/www.almendrasdebardenas.com\/"},{"@type":"ListItem","position":2,"name":"Almendras de Navarra","item":"https:\/\/www.almendrasdebardenas.com\/en\/almendras\/"},{"@type":"ListItem","position":3,"name":"Almendra Belona"}]},{"@type":"WebSite","@id":"https:\/\/www.almendrasdebardenas.com\/#website","url":"https:\/\/www.almendrasdebardenas.com\/","name":"Almendras Leoz","description":"Almendras de Bardenas","publisher":{"@id":"https:\/\/www.almendrasdebardenas.com\/#organization"},"potentialAction":[{"@type":"SearchAction","target":{"@type":"EntryPoint","urlTemplate":"https:\/\/www.almendrasdebardenas.com\/?s={search_term_string}"},"query-input":{"@type":"PropertyValueSpecification","valueRequired":true,"valueName":"search_term_string"}}],"inLanguage":"en-US"},{"@type":"Organization","@id":"https:\/\/www.almendrasdebardenas.com\/#organization","name":"Almendras Leoz","url":"https:\/\/www.almendrasdebardenas.com\/","logo":{"@type":"ImageObject","inLanguage":"en-US","@id":"https:\/\/www.almendrasdebardenas.com\/#\/schema\/logo\/image\/","url":"https:\/\/www.almendrasdebardenas.com\/wp-content\/uploads\/leoz-almendras-de-bardenas.png","contentUrl":"https:\/\/www.almendrasdebardenas.com\/wp-content\/uploads\/leoz-almendras-de-bardenas.png","width":300,"height":90,"caption":"Almendras Leoz"},"image":{"@id":"https:\/\/www.almendrasdebardenas.com\/#\/schema\/logo\/image\/"},"sameAs":["https:\/\/x.com\/irenenonay","https:\/\/www.instagram.com\/irenenonay\/"]}]}},"_links":{"self":[{"href":"https:\/\/www.almendrasdebardenas.com\/en\/wp-json\/wp\/v2\/product\/318","targetHints":{"allow":["GET"]}}],"collection":[{"href":"https:\/\/www.almendrasdebardenas.com\/en\/wp-json\/wp\/v2\/product"}],"about":[{"href":"https:\/\/www.almendrasdebardenas.com\/en\/wp-json\/wp\/v2\/types\/product"}],"wp:featuredmedia":[{"embeddable":true,"href":"https:\/\/www.almendrasdebardenas.com\/en\/wp-json\/wp\/v2\/media\/322"}],"wp:attachment":[{"href":"https:\/\/www.almendrasdebardenas.com\/en\/wp-json\/wp\/v2\/media?parent=318"}],"wp:term":[{"taxonomy":"product_brand","embeddable":true,"href":"https:\/\/www.almendrasdebardenas.com\/en\/wp-json\/wp\/v2\/product_brand?post=318"},{"taxonomy":"product_cat","embeddable":true,"href":"https:\/\/www.almendrasdebardenas.com\/en\/wp-json\/wp\/v2\/product_cat?post=318"},{"taxonomy":"product_tag","embeddable":true,"href":"https:\/\/www.almendrasdebardenas.com\/en\/wp-json\/wp\/v2\/product_tag?post=318"}],"curies":[{"name":"wp","href":"https:\/\/api.w.org\/{rel}","templated":true}]}}