{"id":234,"date":"2021-03-04T16:44:49","date_gmt":"2021-03-04T16:44:49","guid":{"rendered":"https:\/\/www.almendrasdebardenas.com\/?post_type=product&#038;p=234"},"modified":"2021-11-16T17:08:50","modified_gmt":"2021-11-16T17:08:50","slug":"almendra-ecologica","status":"publish","type":"product","link":"https:\/\/www.almendrasdebardenas.com\/en\/product\/almendra-ecologica\/","title":{"rendered":"Organic Almond","raw":"Organic Almond"},"content":{"rendered":"<table class=\"table table-striped\" cellspacing=\"0\" cellpadding=\"7\">\n<tbody>\n<tr>\n<td><strong>TREE VIGOUR<\/strong><\/td>\n<td>High<\/td>\n<\/tr>\n<tr>\n<td><strong>FLOWER COLOUR<\/strong><\/td>\n<td>White<\/td>\n<\/tr>\n<tr>\n<td><strong>FRUIT SHAPE<\/strong><\/td>\n<td>Elongated and wide<\/td>\n<\/tr>\n<tr>\n<td><strong>SHELL HARDNESS<\/strong><\/td>\n<td>Hard<\/td>\n<\/tr>\n<tr>\n<td><strong>YIELD<\/strong><\/td>\n<td>28-32%<\/td>\n<\/tr>\n<tr>\n<td><strong>SEED SIZE<\/strong><\/td>\n<td>1g<\/td>\n<\/tr>\n<tr>\n<td><strong>CULTIVATION<\/strong><\/td>\n<td>Organic<\/td>\n<\/tr>\n<\/tbody>\n<\/table>\n","protected":false,"raw":"<table class=\"table table-striped\" cellspacing=\"0\" cellpadding=\"7\">\r\n<tbody>\r\n<tr>\r\n<td><strong>TREE VIGOUR<\/strong><\/td>\r\n<td>High<\/td>\r\n<\/tr>\r\n<tr>\r\n<td><strong>FLOWER COLOUR<\/strong><\/td>\r\n<td>White<\/td>\r\n<\/tr>\r\n<tr>\r\n<td><strong>FRUIT SHAPE<\/strong><\/td>\r\n<td>Elongated and wide<\/td>\r\n<\/tr>\r\n<tr>\r\n<td><strong>SHELL HARDNESS<\/strong><\/td>\r\n<td>Hard<\/td>\r\n<\/tr>\r\n<tr>\r\n<td><strong>YIELD<\/strong><\/td>\r\n<td>28-32%<\/td>\r\n<\/tr>\r\n<tr>\r\n<td><strong>SEED SIZE<\/strong><\/td>\r\n<td>1g<\/td>\r\n<\/tr>\r\n<tr>\r\n<td><strong>CULTIVATION<\/strong><\/td>\r\n<td>Organic<\/td>\r\n<\/tr>\r\n<\/tbody>\r\n<\/table>"},"excerpt":{"rendered":"<p>Fine skin, dark brown in colour. Sweet, smooth flavour. Recommended for any type of use, ideal for confectionery.<\/p>\n<ul class=\"at\">\n<li class=\"icon-cascara\">With shell<\/li>\n<li class=\"icon-ecologicas\">Organic<\/li>\n<\/ul>\n","protected":false,"raw":"Fine skin, dark brown in colour. Sweet, smooth flavour. Recommended for any type of use, ideal for confectionery.\r\n<ul class=\"at\">\r\n \t<li class=\"icon-cascara\">With shell<\/li>\r\n \t<li class=\"icon-ecologicas\">Organic<\/li>\r\n<\/ul>"},"featured_media":358,"template":"","meta":{"_es_post_content":"<table class=\"table table-striped\" cellspacing=\"0\" cellpadding=\"7\">\r\n<tbody>\r\n<tr>\r\n<td><strong>VIGOR \u00c1RBOL<\/strong><\/td>\r\n<td>Alto<\/td>\r\n<\/tr>\r\n<tr>\r\n<td><strong>COLOR FLOR<\/strong><\/td>\r\n<td>Blanca<\/td>\r\n<\/tr>\r\n<tr>\r\n<td><strong>FORMA FRUTO<\/strong><\/td>\r\n<td>Alargado y ancho<\/td>\r\n<\/tr>\r\n<tr>\r\n<td><strong>DUREZA C\u00c1SCARA<\/strong><\/td>\r\n<td>Dura<\/td>\r\n<\/tr>\r\n<tr>\r\n<td><strong>RENDIMIENTO<\/strong><\/td>\r\n<td>28-32%<\/td>\r\n<\/tr>\r\n<tr>\r\n<td><strong>TAMA\u00d1O PIPA<\/strong><\/td>\r\n<td>1g<\/td>\r\n<\/tr>\r\n<tr>\r\n<td><strong>CULTIVO<\/strong><\/td>\r\n<td>Ecol\u00f3gico<\/td>\r\n<\/tr>\r\n<\/tbody>\r\n<\/table>","_es_post_name":"almendra-ecologica","_es_post_excerpt":"Piel fina de color marr\u00f3n oscuro. Sabor dulce y suave. Indicada para cualquier uso, ideal para reposter\u00eda.\r\n<ul class=\"at\">\r\n \t<li class=\"icon-cascara\">Con c\u00e1scara<\/li>\r\n \t<li class=\"icon-ecologicas\">Ecol\u00f3gica<\/li>\r\n<\/ul>","_es_post_title":"Almendra Ecol\u00f3gica","_en_post_content":"<table class=\"table table-striped\" cellspacing=\"0\" cellpadding=\"7\">\r\n<tbody>\r\n<tr>\r\n<td><strong>TREE VIGOUR<\/strong><\/td>\r\n<td>High<\/td>\r\n<\/tr>\r\n<tr>\r\n<td><strong>FLOWER COLOUR<\/strong><\/td>\r\n<td>White<\/td>\r\n<\/tr>\r\n<tr>\r\n<td><strong>FRUIT SHAPE<\/strong><\/td>\r\n<td>Elongated and wide<\/td>\r\n<\/tr>\r\n<tr>\r\n<td><strong>SHELL HARDNESS<\/strong><\/td>\r\n<td>Hard<\/td>\r\n<\/tr>\r\n<tr>\r\n<td><strong>YIELD<\/strong><\/td>\r\n<td>28-32%<\/td>\r\n<\/tr>\r\n<tr>\r\n<td><strong>SEED SIZE<\/strong><\/td>\r\n<td>1g<\/td>\r\n<\/tr>\r\n<tr>\r\n<td><strong>CULTIVATION<\/strong><\/td>\r\n<td>Organic<\/td>\r\n<\/tr>\r\n<\/tbody>\r\n<\/table>","_en_post_name":"almendra-ecologica","_en_post_excerpt":"Fine skin, dark brown in colour. Sweet, smooth flavour. Recommended for any type of use, ideal for confectionery.\r\n<ul class=\"at\">\r\n \t<li class=\"icon-cascara\">With shell<\/li>\r\n \t<li class=\"icon-ecologicas\">Organic<\/li>\r\n<\/ul>","_en_post_title":"Organic Almond","_fr_post_content":"<table class=\"table table-striped\" cellspacing=\"0\" cellpadding=\"7\">\r\n<tbody>\r\n<tr>\r\n<td><strong>ROBUSTESSE ARBRE<\/strong><\/td>\r\n<td>\u00c9lev\u00e9e<\/td>\r\n<\/tr>\r\n<tr>\r\n<td><strong>COULEUR FLEUR<\/strong><\/td>\r\n<td>Blanche<\/td>\r\n<\/tr>\r\n<tr>\r\n<td><strong>FORME FRUIT<\/strong><\/td>\r\n<td>Allong\u00e9e et large<\/td>\r\n<\/tr>\r\n<tr>\r\n<td><strong>DURET\u00c9 COQUE<\/strong><\/td>\r\n<td>Dure<\/td>\r\n<\/tr>\r\n<tr>\r\n<td><strong>RENDEMENT<\/strong><\/td>\r\n<td>28-32%<\/td>\r\n<\/tr>\r\n<tr>\r\n<td><strong>TAILLE GRAINE<\/strong><\/td>\r\n<td>1g<\/td>\r\n<\/tr>\r\n<tr>\r\n<td><strong>CULTURE<\/strong><\/td>\r\n<td>\u00c9cologique<\/td>\r\n<\/tr>\r\n<\/tbody>\r\n<\/table>","_fr_post_name":"almendra-ecologica","_fr_post_excerpt":"Peau fine de couleur marron fonc\u00e9. Go\u00fbt doux et l\u00e9ger. Propre \u00e0 toute consommation, id\u00e9al pour la p\u00e2tisserie.\r\n<ul class=\"at\">\r\n \r\n \t<li class=\"cascara\">Avec coque <\/li>\r\n \t<li  class=\"ecologicas\">\u00c9cologique<\/li>\r\n<\/ul>","_fr_post_title":"Amande \u00c9cologique","edit_language":"en"},"product_brand":[],"product_cat":[37],"product_tag":[],"class_list":{"0":"post-234","1":"product","2":"type-product","3":"status-publish","4":"has-post-thumbnail","6":"product_cat-almendras","8":"first","9":"outofstock","10":"taxable","11":"shipping-taxable","12":"product-type-simple"},"yoast_head":"<!-- This site is optimized with the Yoast SEO plugin v27.4 - https:\/\/yoast.com\/product\/yoast-seo-wordpress\/ -->\n<title>Almendra Ecol\u00f3gica<\/title>\n<meta name=\"robots\" content=\"index, follow, max-snippet:-1, max-image-preview:large, max-video-preview:-1\" \/>\n<link rel=\"canonical\" href=\"https:\/\/www.almendrasdebardenas.com\/productos\/almendra-ecologica\/\" \/>\n<meta property=\"og:locale\" content=\"en_US\" \/>\n<meta property=\"og:type\" content=\"article\" \/>\n<meta property=\"og:title\" content=\"Almendra Ecol\u00f3gica\" \/>\n<meta property=\"og:description\" content=\"Piel fina de color marr\u00f3n oscuro. Sabor dulce y suave. Indicada para cualquier uso, ideal para reposter\u00eda.   Con c\u00e1scara  Ecol\u00f3gica\" \/>\n<meta property=\"og:url\" content=\"https:\/\/www.almendrasdebardenas.com\/productos\/almendra-ecologica\/\" \/>\n<meta property=\"og:site_name\" content=\"Almendras Leoz\" \/>\n<meta property=\"article:modified_time\" content=\"2021-11-16T17:08:50+00:00\" \/>\n<meta property=\"og:image\" content=\"https:\/\/www.almendrasdebardenas.com\/wp-content\/uploads\/almendra-ecologica-con-cascara.jpg\" \/>\n\t<meta property=\"og:image:width\" content=\"1200\" \/>\n\t<meta property=\"og:image:height\" content=\"900\" \/>\n\t<meta property=\"og:image:type\" content=\"image\/jpeg\" \/>\n<meta name=\"twitter:card\" content=\"summary_large_image\" \/>\n<meta name=\"twitter:site\" content=\"@irenenonay\" \/>\n<script type=\"application\/ld+json\" class=\"yoast-schema-graph\">{\"@context\":\"https:\\\/\\\/schema.org\",\"@graph\":[{\"@type\":\"WebPage\",\"@id\":\"https:\\\/\\\/www.almendrasdebardenas.com\\\/productos\\\/almendra-ecologica\\\/\",\"url\":\"https:\\\/\\\/www.almendrasdebardenas.com\\\/productos\\\/almendra-ecologica\\\/\",\"name\":\"Almendra Ecol\u00f3gica\",\"isPartOf\":{\"@id\":\"https:\\\/\\\/www.almendrasdebardenas.com\\\/#website\"},\"primaryImageOfPage\":{\"@id\":\"https:\\\/\\\/www.almendrasdebardenas.com\\\/productos\\\/almendra-ecologica\\\/#primaryimage\"},\"image\":{\"@id\":\"https:\\\/\\\/www.almendrasdebardenas.com\\\/productos\\\/almendra-ecologica\\\/#primaryimage\"},\"thumbnailUrl\":\"https:\\\/\\\/www.almendrasdebardenas.com\\\/wp-content\\\/uploads\\\/almendra-ecologica-con-cascara.jpg\",\"datePublished\":\"2021-03-04T16:44:49+00:00\",\"dateModified\":\"2021-11-16T17:08:50+00:00\",\"breadcrumb\":{\"@id\":\"https:\\\/\\\/www.almendrasdebardenas.com\\\/productos\\\/almendra-ecologica\\\/#breadcrumb\"},\"inLanguage\":\"en-US\",\"potentialAction\":[{\"@type\":\"ReadAction\",\"target\":[\"https:\\\/\\\/www.almendrasdebardenas.com\\\/productos\\\/almendra-ecologica\\\/\"]}]},{\"@type\":\"ImageObject\",\"inLanguage\":\"en-US\",\"@id\":\"https:\\\/\\\/www.almendrasdebardenas.com\\\/productos\\\/almendra-ecologica\\\/#primaryimage\",\"url\":\"https:\\\/\\\/www.almendrasdebardenas.com\\\/wp-content\\\/uploads\\\/almendra-ecologica-con-cascara.jpg\",\"contentUrl\":\"https:\\\/\\\/www.almendrasdebardenas.com\\\/wp-content\\\/uploads\\\/almendra-ecologica-con-cascara.jpg\",\"width\":1200,\"height\":900,\"caption\":\"venta de almendra ecol\u00f3gica de Navarra\"},{\"@type\":\"BreadcrumbList\",\"@id\":\"https:\\\/\\\/www.almendrasdebardenas.com\\\/productos\\\/almendra-ecologica\\\/#breadcrumb\",\"itemListElement\":[{\"@type\":\"ListItem\",\"position\":1,\"name\":\"Portada\",\"item\":\"https:\\\/\\\/www.almendrasdebardenas.com\\\/\"},{\"@type\":\"ListItem\",\"position\":2,\"name\":\"Almendras de Navarra\",\"item\":\"https:\\\/\\\/www.almendrasdebardenas.com\\\/en\\\/almendras\\\/\"},{\"@type\":\"ListItem\",\"position\":3,\"name\":\"Almendra Ecol\u00f3gica\"}]},{\"@type\":\"WebSite\",\"@id\":\"https:\\\/\\\/www.almendrasdebardenas.com\\\/#website\",\"url\":\"https:\\\/\\\/www.almendrasdebardenas.com\\\/\",\"name\":\"Almendras Leoz\",\"description\":\"Almendras de Bardenas\",\"publisher\":{\"@id\":\"https:\\\/\\\/www.almendrasdebardenas.com\\\/#organization\"},\"potentialAction\":[{\"@type\":\"SearchAction\",\"target\":{\"@type\":\"EntryPoint\",\"urlTemplate\":\"https:\\\/\\\/www.almendrasdebardenas.com\\\/?s={search_term_string}\"},\"query-input\":{\"@type\":\"PropertyValueSpecification\",\"valueRequired\":true,\"valueName\":\"search_term_string\"}}],\"inLanguage\":\"en-US\"},{\"@type\":\"Organization\",\"@id\":\"https:\\\/\\\/www.almendrasdebardenas.com\\\/#organization\",\"name\":\"Almendras Leoz\",\"url\":\"https:\\\/\\\/www.almendrasdebardenas.com\\\/\",\"logo\":{\"@type\":\"ImageObject\",\"inLanguage\":\"en-US\",\"@id\":\"https:\\\/\\\/www.almendrasdebardenas.com\\\/#\\\/schema\\\/logo\\\/image\\\/\",\"url\":\"https:\\\/\\\/www.almendrasdebardenas.com\\\/wp-content\\\/uploads\\\/leoz-almendras-de-bardenas.png\",\"contentUrl\":\"https:\\\/\\\/www.almendrasdebardenas.com\\\/wp-content\\\/uploads\\\/leoz-almendras-de-bardenas.png\",\"width\":300,\"height\":90,\"caption\":\"Almendras Leoz\"},\"image\":{\"@id\":\"https:\\\/\\\/www.almendrasdebardenas.com\\\/#\\\/schema\\\/logo\\\/image\\\/\"},\"sameAs\":[\"https:\\\/\\\/x.com\\\/irenenonay\",\"https:\\\/\\\/www.instagram.com\\\/irenenonay\\\/\"]}]}<\/script>\n<!-- \/ Yoast SEO plugin. -->","yoast_head_json":{"title":"Almendra Ecol\u00f3gica","robots":{"index":"index","follow":"follow","max-snippet":"max-snippet:-1","max-image-preview":"max-image-preview:large","max-video-preview":"max-video-preview:-1"},"canonical":"https:\/\/www.almendrasdebardenas.com\/productos\/almendra-ecologica\/","og_locale":"en_US","og_type":"article","og_title":"Almendra Ecol\u00f3gica","og_description":"Piel fina de color marr\u00f3n oscuro. Sabor dulce y suave. Indicada para cualquier uso, ideal para reposter\u00eda.   Con c\u00e1scara  Ecol\u00f3gica","og_url":"https:\/\/www.almendrasdebardenas.com\/productos\/almendra-ecologica\/","og_site_name":"Almendras Leoz","article_modified_time":"2021-11-16T17:08:50+00:00","og_image":[{"width":1200,"height":900,"url":"https:\/\/www.almendrasdebardenas.com\/wp-content\/uploads\/almendra-ecologica-con-cascara.jpg","type":"image\/jpeg"}],"twitter_card":"summary_large_image","twitter_site":"@irenenonay","schema":{"@context":"https:\/\/schema.org","@graph":[{"@type":"WebPage","@id":"https:\/\/www.almendrasdebardenas.com\/productos\/almendra-ecologica\/","url":"https:\/\/www.almendrasdebardenas.com\/productos\/almendra-ecologica\/","name":"Almendra Ecol\u00f3gica","isPartOf":{"@id":"https:\/\/www.almendrasdebardenas.com\/#website"},"primaryImageOfPage":{"@id":"https:\/\/www.almendrasdebardenas.com\/productos\/almendra-ecologica\/#primaryimage"},"image":{"@id":"https:\/\/www.almendrasdebardenas.com\/productos\/almendra-ecologica\/#primaryimage"},"thumbnailUrl":"https:\/\/www.almendrasdebardenas.com\/wp-content\/uploads\/almendra-ecologica-con-cascara.jpg","datePublished":"2021-03-04T16:44:49+00:00","dateModified":"2021-11-16T17:08:50+00:00","breadcrumb":{"@id":"https:\/\/www.almendrasdebardenas.com\/productos\/almendra-ecologica\/#breadcrumb"},"inLanguage":"en-US","potentialAction":[{"@type":"ReadAction","target":["https:\/\/www.almendrasdebardenas.com\/productos\/almendra-ecologica\/"]}]},{"@type":"ImageObject","inLanguage":"en-US","@id":"https:\/\/www.almendrasdebardenas.com\/productos\/almendra-ecologica\/#primaryimage","url":"https:\/\/www.almendrasdebardenas.com\/wp-content\/uploads\/almendra-ecologica-con-cascara.jpg","contentUrl":"https:\/\/www.almendrasdebardenas.com\/wp-content\/uploads\/almendra-ecologica-con-cascara.jpg","width":1200,"height":900,"caption":"venta de almendra ecol\u00f3gica de Navarra"},{"@type":"BreadcrumbList","@id":"https:\/\/www.almendrasdebardenas.com\/productos\/almendra-ecologica\/#breadcrumb","itemListElement":[{"@type":"ListItem","position":1,"name":"Portada","item":"https:\/\/www.almendrasdebardenas.com\/"},{"@type":"ListItem","position":2,"name":"Almendras de Navarra","item":"https:\/\/www.almendrasdebardenas.com\/en\/almendras\/"},{"@type":"ListItem","position":3,"name":"Almendra Ecol\u00f3gica"}]},{"@type":"WebSite","@id":"https:\/\/www.almendrasdebardenas.com\/#website","url":"https:\/\/www.almendrasdebardenas.com\/","name":"Almendras Leoz","description":"Almendras de Bardenas","publisher":{"@id":"https:\/\/www.almendrasdebardenas.com\/#organization"},"potentialAction":[{"@type":"SearchAction","target":{"@type":"EntryPoint","urlTemplate":"https:\/\/www.almendrasdebardenas.com\/?s={search_term_string}"},"query-input":{"@type":"PropertyValueSpecification","valueRequired":true,"valueName":"search_term_string"}}],"inLanguage":"en-US"},{"@type":"Organization","@id":"https:\/\/www.almendrasdebardenas.com\/#organization","name":"Almendras Leoz","url":"https:\/\/www.almendrasdebardenas.com\/","logo":{"@type":"ImageObject","inLanguage":"en-US","@id":"https:\/\/www.almendrasdebardenas.com\/#\/schema\/logo\/image\/","url":"https:\/\/www.almendrasdebardenas.com\/wp-content\/uploads\/leoz-almendras-de-bardenas.png","contentUrl":"https:\/\/www.almendrasdebardenas.com\/wp-content\/uploads\/leoz-almendras-de-bardenas.png","width":300,"height":90,"caption":"Almendras Leoz"},"image":{"@id":"https:\/\/www.almendrasdebardenas.com\/#\/schema\/logo\/image\/"},"sameAs":["https:\/\/x.com\/irenenonay","https:\/\/www.instagram.com\/irenenonay\/"]}]}},"_links":{"self":[{"href":"https:\/\/www.almendrasdebardenas.com\/en\/wp-json\/wp\/v2\/product\/234","targetHints":{"allow":["GET"]}}],"collection":[{"href":"https:\/\/www.almendrasdebardenas.com\/en\/wp-json\/wp\/v2\/product"}],"about":[{"href":"https:\/\/www.almendrasdebardenas.com\/en\/wp-json\/wp\/v2\/types\/product"}],"wp:featuredmedia":[{"embeddable":true,"href":"https:\/\/www.almendrasdebardenas.com\/en\/wp-json\/wp\/v2\/media\/358"}],"wp:attachment":[{"href":"https:\/\/www.almendrasdebardenas.com\/en\/wp-json\/wp\/v2\/media?parent=234"}],"wp:term":[{"taxonomy":"product_brand","embeddable":true,"href":"https:\/\/www.almendrasdebardenas.com\/en\/wp-json\/wp\/v2\/product_brand?post=234"},{"taxonomy":"product_cat","embeddable":true,"href":"https:\/\/www.almendrasdebardenas.com\/en\/wp-json\/wp\/v2\/product_cat?post=234"},{"taxonomy":"product_tag","embeddable":true,"href":"https:\/\/www.almendrasdebardenas.com\/en\/wp-json\/wp\/v2\/product_tag?post=234"}],"curies":[{"name":"wp","href":"https:\/\/api.w.org\/{rel}","templated":true}]}}